{"id":16337,"date":"2025-06-09T09:31:06","date_gmt":"2025-06-09T07:31:06","guid":{"rendered":"https:\/\/www.adelec-inter.com\/?page_id=16337"},"modified":"2025-06-09T09:48:40","modified_gmt":"2025-06-09T07:48:40","slug":"sacs-2","status":"publish","type":"page","link":"https:\/\/www.adelec-inter.com\/en\/sacs-2\/","title":{"rendered":"Sacs"},"content":{"rendered":"<div data-elementor-type=\"wp-page\" data-elementor-id=\"16337\" class=\"elementor elementor-16337\" data-elementor-post-type=\"page\">\n\t\t\t\t<div class=\"elementor-element elementor-element-69775df e-grid e-con-boxed e-con e-parent\" data-id=\"69775df\" data-element_type=\"container\" data-e-type=\"container\">\n\t\t\t\t\t<div class=\"e-con-inner\">\n\t\t<div class=\"elementor-element elementor-element-1742eea e-con-full e-flex e-con e-child\" data-id=\"1742eea\" data-element_type=\"container\" data-e-type=\"container\" data-settings=\"{&quot;background_background&quot;:&quot;classic&quot;}\">\n\t\t\t\t<div class=\"elementor-element elementor-element-dd948f4 elementor-widget elementor-widget-image\" data-id=\"dd948f4\" data-element_type=\"widget\" data-e-type=\"widget\" data-widget_type=\"image.default\">\n\t\t\t\t<div class=\"elementor-widget-container\">\n\t\t\t\t\t\t\t\t\t\t\t\t\t\t\t\t<a href=\"\/en\/sacs-metallises-dissipatifs-conducteurs-noirs\/\">\n\t\t\t\t\t\t\t<img fetchpriority=\"high\" decoding=\"async\" width=\"900\" height=\"866\" src=\"https:\/\/www.adelec-inter.com\/wp-content\/uploads\/2025\/06\/Group-1000003512-1024x985.jpg\" class=\"attachment-large size-large wp-image-16342\" alt=\"\" srcset=\"https:\/\/www.adelec-inter.com\/wp-content\/uploads\/2025\/06\/Group-1000003512-1024x985.jpg 1024w, https:\/\/www.adelec-inter.com\/wp-content\/uploads\/2025\/06\/Group-1000003512-300x289.jpg 300w, https:\/\/www.adelec-inter.com\/wp-content\/uploads\/2025\/06\/Group-1000003512-768x739.jpg 768w, https:\/\/www.adelec-inter.com\/wp-content\/uploads\/2025\/06\/Group-1000003512-1536x1478.jpg 1536w, https:\/\/www.adelec-inter.com\/wp-content\/uploads\/2025\/06\/Group-1000003512.jpg 1588w\" sizes=\"(max-width: 900px) 100vw, 900px\" \/>\t\t\t\t\t\t\t\t<\/a>\n\t\t\t\t\t\t\t\t\t\t\t\t\t\t\t<\/div>\n\t\t\t\t<\/div>\n\t\t\t\t<div class=\"elementor-element elementor-element-b389d4f card-title elementor-widget elementor-widget-heading\" data-id=\"b389d4f\" data-element_type=\"widget\" data-e-type=\"widget\" data-widget_type=\"heading.default\">\n\t\t\t\t<div class=\"elementor-widget-container\">\n\t\t\t\t\t<h6 class=\"elementor-heading-title elementor-size-default\"><a href=\"\/en\/sacs-metallises-dissipatifs-conducteurs-noirs\/\">BAGS<\/a><\/h6>\t\t\t\t<\/div>\n\t\t\t\t<\/div>\n\t\t\t\t<div class=\"elementor-element elementor-element-391360a desc elementor-widget elementor-widget-text-editor\" data-id=\"391360a\" data-element_type=\"widget\" data-e-type=\"widget\" data-widget_type=\"text-editor.default\">\n\t\t\t\t<div class=\"elementor-widget-container\">\n\t\t\t\t\t\t\t\t\t<p>These bags provide EMI\/RFI shielding, maintain a vacuum and offer optimal protection against moisture and water vapor.<\/p>\t\t\t\t\t\t\t\t<\/div>\n\t\t\t\t<\/div>\n\t\t\t\t<div class=\"elementor-element elementor-element-c7b3469 elementor-view-stacked elementor-shape-square elementor-widget elementor-widget-icon\" data-id=\"c7b3469\" data-element_type=\"widget\" data-e-type=\"widget\" data-widget_type=\"icon.default\">\n\t\t\t\t<div class=\"elementor-widget-container\">\n\t\t\t\t\t\t\t<div class=\"elementor-icon-wrapper\">\n\t\t\t<a class=\"elementor-icon elementor-animation-buzz-out\" href=\"\/en\/sacs-metallises-dissipatifs-conducteurs-noirs\/\">\n\t\t\t<i aria-hidden=\"true\" class=\"rebuilto-icon- rebuilto-icon-arrow-up-right\"><\/i>\t\t\t<\/a>\n\t\t<\/div>\n\t\t\t\t\t\t<\/div>\n\t\t\t\t<\/div>\n\t\t\t\t<\/div>\n\t\t<div class=\"elementor-element elementor-element-a999ebe e-con-full e-flex e-con e-child\" data-id=\"a999ebe\" data-element_type=\"container\" data-e-type=\"container\" data-settings=\"{&quot;background_background&quot;:&quot;classic&quot;}\">\n\t\t\t\t<div class=\"elementor-element elementor-element-d12acbe elementor-widget elementor-widget-image\" data-id=\"d12acbe\" data-element_type=\"widget\" data-e-type=\"widget\" data-widget_type=\"image.default\">\n\t\t\t\t<div class=\"elementor-widget-container\">\n\t\t\t\t\t\t\t\t\t\t\t\t\t\t\t\t<a href=\"\/en\/sacs-barriere\/\">\n\t\t\t\t\t\t\t<img decoding=\"async\" width=\"900\" height=\"866\" src=\"https:\/\/www.adelec-inter.com\/wp-content\/uploads\/2025\/06\/Group-1000003520-1024x985.jpg\" class=\"attachment-large size-large wp-image-16351\" alt=\"\" srcset=\"https:\/\/www.adelec-inter.com\/wp-content\/uploads\/2025\/06\/Group-1000003520-1024x985.jpg 1024w, https:\/\/www.adelec-inter.com\/wp-content\/uploads\/2025\/06\/Group-1000003520-300x289.jpg 300w, https:\/\/www.adelec-inter.com\/wp-content\/uploads\/2025\/06\/Group-1000003520-768x739.jpg 768w, https:\/\/www.adelec-inter.com\/wp-content\/uploads\/2025\/06\/Group-1000003520-1536x1478.jpg 1536w, https:\/\/www.adelec-inter.com\/wp-content\/uploads\/2025\/06\/Group-1000003520.jpg 1588w\" sizes=\"(max-width: 900px) 100vw, 900px\" \/>\t\t\t\t\t\t\t\t<\/a>\n\t\t\t\t\t\t\t\t\t\t\t\t\t\t\t<\/div>\n\t\t\t\t<\/div>\n\t\t\t\t<div class=\"elementor-element elementor-element-228a26b card-title elementor-widget elementor-widget-heading\" data-id=\"228a26b\" data-element_type=\"widget\" data-e-type=\"widget\" data-widget_type=\"heading.default\">\n\t\t\t\t<div class=\"elementor-widget-container\">\n\t\t\t\t\t<h6 class=\"elementor-heading-title elementor-size-default\"><a href=\"\/en\/sacs-barriere\/\">sacs barriere<\/a><\/h6>\t\t\t\t<\/div>\n\t\t\t\t<\/div>\n\t\t\t\t<div class=\"elementor-element elementor-element-21f1c5a desc elementor-widget elementor-widget-text-editor\" data-id=\"21f1c5a\" data-element_type=\"widget\" data-e-type=\"widget\" data-widget_type=\"text-editor.default\">\n\t\t\t\t<div class=\"elementor-widget-container\">\n\t\t\t\t\t\t\t\t\t<p>Ces sacs prot\u00e8gent des rayonnements EMI\/RFI, maintiennent le vide et cons\u019ftuent une protection optimale contre l&rsquo;humidit\u00e9 et la vapeur d&rsquo;eau. Ils sont r\u00e9alis\u00e9s \u00e0 partir d&rsquo;un film multi-couches. Soudables \u00e0 chaud<\/p>\t\t\t\t\t\t\t\t<\/div>\n\t\t\t\t<\/div>\n\t\t\t\t<div class=\"elementor-element elementor-element-5f52d8b elementor-view-stacked elementor-shape-square elementor-widget elementor-widget-icon\" data-id=\"5f52d8b\" data-element_type=\"widget\" data-e-type=\"widget\" data-widget_type=\"icon.default\">\n\t\t\t\t<div class=\"elementor-widget-container\">\n\t\t\t\t\t\t\t<div class=\"elementor-icon-wrapper\">\n\t\t\t<a class=\"elementor-icon elementor-animation-buzz-out\" href=\"\/en\/sacs-barriere\/\">\n\t\t\t<i aria-hidden=\"true\" class=\"rebuilto-icon- rebuilto-icon-arrow-up-right\"><\/i>\t\t\t<\/a>\n\t\t<\/div>\n\t\t\t\t\t\t<\/div>\n\t\t\t\t<\/div>\n\t\t\t\t<\/div>\n\t\t\t\t\t<\/div>\n\t\t\t\t<\/div>\n\t\t\t\t<\/div>","protected":false},"excerpt":{"rendered":"<p>SACS Ces sacs prot\u00e8gent des rayonnements EMI\/RFI, maintiennent le vide et constituent une protection optimale contre l&rsquo;humidit\u00e9 et la vapeur d&rsquo;eau. sacs barriere Ces sacs prot\u00e8gent des rayonnements EMI\/RFI, maintiennent le vide et cons\u019ftuent une protection optimale contre l&rsquo;humidit\u00e9 et la vapeur d&rsquo;eau. Ils sont r\u00e9alis\u00e9s \u00e0 partir d&rsquo;un film multi-couches. Soudables \u00e0 chaud<\/p>","protected":false},"author":2,"featured_media":0,"parent":0,"menu_order":0,"comment_status":"closed","ping_status":"closed","template":"","meta":{"_acf_changed":false,"footnotes":""},"class_list":["post-16337","page","type-page","status-publish","hentry"],"acf":[],"_links":{"self":[{"href":"https:\/\/www.adelec-inter.com\/en\/wp-json\/wp\/v2\/pages\/16337","targetHints":{"allow":["GET"]}}],"collection":[{"href":"https:\/\/www.adelec-inter.com\/en\/wp-json\/wp\/v2\/pages"}],"about":[{"href":"https:\/\/www.adelec-inter.com\/en\/wp-json\/wp\/v2\/types\/page"}],"author":[{"embeddable":true,"href":"https:\/\/www.adelec-inter.com\/en\/wp-json\/wp\/v2\/users\/2"}],"replies":[{"embeddable":true,"href":"https:\/\/www.adelec-inter.com\/en\/wp-json\/wp\/v2\/comments?post=16337"}],"version-history":[{"count":13,"href":"https:\/\/www.adelec-inter.com\/en\/wp-json\/wp\/v2\/pages\/16337\/revisions"}],"predecessor-version":[{"id":16370,"href":"https:\/\/www.adelec-inter.com\/en\/wp-json\/wp\/v2\/pages\/16337\/revisions\/16370"}],"wp:attachment":[{"href":"https:\/\/www.adelec-inter.com\/en\/wp-json\/wp\/v2\/media?parent=16337"}],"curies":[{"name":"wp","href":"https:\/\/api.w.org\/{rel}","templated":true}]}}