{"id":16722,"date":"2025-06-09T16:01:39","date_gmt":"2025-06-09T14:01:39","guid":{"rendered":"https:\/\/www.adelec-inter.com\/?page_id=16722"},"modified":"2025-06-09T17:04:26","modified_gmt":"2025-06-09T15:04:26","slug":"temperature","status":"publish","type":"page","link":"https:\/\/www.adelec-inter.com\/en\/temperature\/","title":{"rendered":"Temperature"},"content":{"rendered":"<div data-elementor-type=\"wp-page\" data-elementor-id=\"16722\" class=\"elementor elementor-16722\" data-elementor-post-type=\"page\">\n\t\t\t\t<div class=\"elementor-element elementor-element-bad78e3 e-grid e-con-boxed e-con e-parent\" data-id=\"bad78e3\" data-element_type=\"container\" data-e-type=\"container\">\n\t\t\t\t\t<div class=\"e-con-inner\">\n\t\t<div class=\"elementor-element elementor-element-ffd3635 e-con-full e-flex e-con e-child\" data-id=\"ffd3635\" data-element_type=\"container\" data-e-type=\"container\" data-settings=\"{&quot;background_background&quot;:&quot;classic&quot;}\">\n\t\t\t\t<div class=\"elementor-element elementor-element-6ca0b14 elementor-widget elementor-widget-image\" data-id=\"6ca0b14\" data-element_type=\"widget\" data-e-type=\"widget\" data-widget_type=\"image.default\">\n\t\t\t\t<div class=\"elementor-widget-container\">\n\t\t\t\t\t\t\t\t\t\t\t\t\t\t\t\t<a href=\"\/en\/fours-de-temperature-portables\/\">\n\t\t\t\t\t\t\t<img fetchpriority=\"high\" decoding=\"async\" width=\"900\" height=\"864\" src=\"https:\/\/www.adelec-inter.com\/wp-content\/uploads\/2025\/06\/Group-1000003575-1024x983.jpg\" class=\"attachment-large size-large wp-image-16712\" alt=\"\" srcset=\"https:\/\/www.adelec-inter.com\/wp-content\/uploads\/2025\/06\/Group-1000003575-1024x983.jpg 1024w, https:\/\/www.adelec-inter.com\/wp-content\/uploads\/2025\/06\/Group-1000003575-300x288.jpg 300w, https:\/\/www.adelec-inter.com\/wp-content\/uploads\/2025\/06\/Group-1000003575-768x737.jpg 768w, https:\/\/www.adelec-inter.com\/wp-content\/uploads\/2025\/06\/Group-1000003575-1536x1474.jpg 1536w, https:\/\/www.adelec-inter.com\/wp-content\/uploads\/2025\/06\/Group-1000003575.jpg 1588w\" sizes=\"(max-width: 900px) 100vw, 900px\" \/>\t\t\t\t\t\t\t\t<\/a>\n\t\t\t\t\t\t\t\t\t\t\t\t\t\t\t<\/div>\n\t\t\t\t<\/div>\n\t\t\t\t<div class=\"elementor-element elementor-element-6870778 card-title elementor-widget elementor-widget-heading\" data-id=\"6870778\" data-element_type=\"widget\" data-e-type=\"widget\" data-widget_type=\"heading.default\">\n\t\t\t\t<div class=\"elementor-widget-container\">\n\t\t\t\t\t<h6 class=\"elementor-heading-title elementor-size-default\"><a href=\"\/en\/fours-de-temperature-portables\/\">Fours de Temp\u00e9rature Portables <\/a><\/h6>\t\t\t\t<\/div>\n\t\t\t\t<\/div>\n\t\t\t\t<div class=\"elementor-element elementor-element-805b6f7 desc elementor-widget elementor-widget-text-editor\" data-id=\"805b6f7\" data-element_type=\"widget\" data-e-type=\"widget\" data-widget_type=\"text-editor.default\">\n\t\t\t\t<div class=\"elementor-widget-container\">\n\t\t\t\t\t\t\t\t\t<div class=\"jshop_prod_description\"><p>Permet des tests ou traitements thermiques directement sur le lieu d\u2019intervention, sans besoin d\u2019infrastructure fixe.<\/p><\/div>\t\t\t\t\t\t\t\t<\/div>\n\t\t\t\t<\/div>\n\t\t\t\t<div class=\"elementor-element elementor-element-d3fcf47 elementor-view-stacked elementor-shape-square elementor-widget elementor-widget-icon\" data-id=\"d3fcf47\" data-element_type=\"widget\" data-e-type=\"widget\" data-widget_type=\"icon.default\">\n\t\t\t\t<div class=\"elementor-widget-container\">\n\t\t\t\t\t\t\t<div class=\"elementor-icon-wrapper\">\n\t\t\t<a class=\"elementor-icon elementor-animation-buzz-out\" href=\"\/en\/fours-de-temperature-portables\/\">\n\t\t\t<i aria-hidden=\"true\" class=\"rebuilto-icon- rebuilto-icon-arrow-up-right\"><\/i>\t\t\t<\/a>\n\t\t<\/div>\n\t\t\t\t\t\t<\/div>\n\t\t\t\t<\/div>\n\t\t\t\t<\/div>\n\t\t<div class=\"elementor-element elementor-element-796fd95 e-con-full e-flex e-con e-child\" data-id=\"796fd95\" data-element_type=\"container\" data-e-type=\"container\" data-settings=\"{&quot;background_background&quot;:&quot;classic&quot;}\">\n\t\t\t\t<div class=\"elementor-element elementor-element-c5bc9c1 elementor-widget elementor-widget-image\" data-id=\"c5bc9c1\" data-element_type=\"widget\" data-e-type=\"widget\" data-widget_type=\"image.default\">\n\t\t\t\t<div class=\"elementor-widget-container\">\n\t\t\t\t\t\t\t\t\t\t\t\t\t\t\t\t<a href=\"\/en\/four-detalonnage-pour-thermocouple\/\">\n\t\t\t\t\t\t\t<img decoding=\"async\" width=\"900\" height=\"864\" src=\"https:\/\/www.adelec-inter.com\/wp-content\/uploads\/2025\/06\/Group-1000003577-1024x983.jpg\" class=\"attachment-large size-large wp-image-16714\" alt=\"\" srcset=\"https:\/\/www.adelec-inter.com\/wp-content\/uploads\/2025\/06\/Group-1000003577-1024x983.jpg 1024w, https:\/\/www.adelec-inter.com\/wp-content\/uploads\/2025\/06\/Group-1000003577-300x288.jpg 300w, https:\/\/www.adelec-inter.com\/wp-content\/uploads\/2025\/06\/Group-1000003577-768x737.jpg 768w, https:\/\/www.adelec-inter.com\/wp-content\/uploads\/2025\/06\/Group-1000003577-1536x1474.jpg 1536w, https:\/\/www.adelec-inter.com\/wp-content\/uploads\/2025\/06\/Group-1000003577.jpg 1588w\" sizes=\"(max-width: 900px) 100vw, 900px\" \/>\t\t\t\t\t\t\t\t<\/a>\n\t\t\t\t\t\t\t\t\t\t\t\t\t\t\t<\/div>\n\t\t\t\t<\/div>\n\t\t\t\t<div class=\"elementor-element elementor-element-11750dc card-title elementor-widget elementor-widget-heading\" data-id=\"11750dc\" data-element_type=\"widget\" data-e-type=\"widget\" data-widget_type=\"heading.default\">\n\t\t\t\t<div class=\"elementor-widget-container\">\n\t\t\t\t\t<h6 class=\"elementor-heading-title elementor-size-default\"><a href=\"\/en\/four-detalonnage-pour-thermocouple\/\">Four d\u2019\u00e9talonnage pour thermocouple <\/a><\/h6>\t\t\t\t<\/div>\n\t\t\t\t<\/div>\n\t\t\t\t<div class=\"elementor-element elementor-element-16ad958 desc elementor-widget elementor-widget-text-editor\" data-id=\"16ad958\" data-element_type=\"widget\" data-e-type=\"widget\" data-widget_type=\"text-editor.default\">\n\t\t\t\t<div class=\"elementor-widget-container\">\n\t\t\t\t\t\t\t\t\t<div class=\"jshop_prod_description\"><p>Dispositif con\u00e7u pour g\u00e9n\u00e9rer des temp\u00e9ratures stables et pr\u00e9cises afin de v\u00e9rifier, ajuster ou calibrer les thermocouples et autres capteurs de temp\u00e9rature dans des conditions contr\u00f4l\u00e9es.<\/p><\/div>\t\t\t\t\t\t\t\t<\/div>\n\t\t\t\t<\/div>\n\t\t\t\t<div class=\"elementor-element elementor-element-e1d1f6a elementor-view-stacked elementor-shape-square elementor-widget elementor-widget-icon\" data-id=\"e1d1f6a\" data-element_type=\"widget\" data-e-type=\"widget\" data-widget_type=\"icon.default\">\n\t\t\t\t<div class=\"elementor-widget-container\">\n\t\t\t\t\t\t\t<div class=\"elementor-icon-wrapper\">\n\t\t\t<a class=\"elementor-icon elementor-animation-buzz-out\" href=\"\/en\/four-detalonnage-pour-thermocouple\/\">\n\t\t\t<i aria-hidden=\"true\" class=\"rebuilto-icon- rebuilto-icon-arrow-up-right\"><\/i>\t\t\t<\/a>\n\t\t<\/div>\n\t\t\t\t\t\t<\/div>\n\t\t\t\t<\/div>\n\t\t\t\t<\/div>\n\t\t<div class=\"elementor-element elementor-element-d15459a e-con-full e-flex e-con e-child\" data-id=\"d15459a\" data-element_type=\"container\" data-e-type=\"container\" data-settings=\"{&quot;background_background&quot;:&quot;classic&quot;}\">\n\t\t\t\t<div class=\"elementor-element elementor-element-433e841 elementor-widget elementor-widget-image\" data-id=\"433e841\" data-element_type=\"widget\" data-e-type=\"widget\" data-widget_type=\"image.default\">\n\t\t\t\t<div class=\"elementor-widget-container\">\n\t\t\t\t\t\t\t\t\t\t\t\t\t\t\t\t<a href=\"\/en\/calibrateur-infrarouge-portable\/\">\n\t\t\t\t\t\t\t<img decoding=\"async\" width=\"900\" height=\"866\" src=\"https:\/\/www.adelec-inter.com\/wp-content\/uploads\/2025\/06\/Group-1000003533-1024x985.jpg\" class=\"attachment-large size-large wp-image-16698\" alt=\"\" srcset=\"https:\/\/www.adelec-inter.com\/wp-content\/uploads\/2025\/06\/Group-1000003533-1024x985.jpg 1024w, https:\/\/www.adelec-inter.com\/wp-content\/uploads\/2025\/06\/Group-1000003533-300x289.jpg 300w, https:\/\/www.adelec-inter.com\/wp-content\/uploads\/2025\/06\/Group-1000003533-768x739.jpg 768w, https:\/\/www.adelec-inter.com\/wp-content\/uploads\/2025\/06\/Group-1000003533-1536x1478.jpg 1536w, https:\/\/www.adelec-inter.com\/wp-content\/uploads\/2025\/06\/Group-1000003533.jpg 1588w\" sizes=\"(max-width: 900px) 100vw, 900px\" \/>\t\t\t\t\t\t\t\t<\/a>\n\t\t\t\t\t\t\t\t\t\t\t\t\t\t\t<\/div>\n\t\t\t\t<\/div>\n\t\t\t\t<div class=\"elementor-element elementor-element-25a5c8f card-title elementor-widget elementor-widget-heading\" data-id=\"25a5c8f\" data-element_type=\"widget\" data-e-type=\"widget\" data-widget_type=\"heading.default\">\n\t\t\t\t<div class=\"elementor-widget-container\">\n\t\t\t\t\t<h6 class=\"elementor-heading-title elementor-size-default\"><a href=\"\/en\/calibrateur-infrarouge-portable\/\">Calibrateur infrarouge portable<\/a><\/h6>\t\t\t\t<\/div>\n\t\t\t\t<\/div>\n\t\t\t\t<div class=\"elementor-element elementor-element-e4d175c desc elementor-widget elementor-widget-text-editor\" data-id=\"e4d175c\" data-element_type=\"widget\" data-e-type=\"widget\" data-widget_type=\"text-editor.default\">\n\t\t\t\t<div class=\"elementor-widget-container\">\n\t\t\t\t\t\t\t\t\t<div class=\"jshop_prod_description\"><p>Appareil compact con\u00e7u pour simuler des sources de chaleur \u00e0 temp\u00e9rature contr\u00f4l\u00e9e, permettant l\u2019\u00e9talonnage rapide et pr\u00e9cis des thermom\u00e8tres infrarouges sans contact, directement sur site.<\/p><\/div>\t\t\t\t\t\t\t\t<\/div>\n\t\t\t\t<\/div>\n\t\t\t\t<div class=\"elementor-element elementor-element-4002b2f elementor-view-stacked elementor-shape-square elementor-widget elementor-widget-icon\" data-id=\"4002b2f\" data-element_type=\"widget\" data-e-type=\"widget\" data-widget_type=\"icon.default\">\n\t\t\t\t<div class=\"elementor-widget-container\">\n\t\t\t\t\t\t\t<div class=\"elementor-icon-wrapper\">\n\t\t\t<a class=\"elementor-icon elementor-animation-buzz-out\" href=\"\/en\/calibrateur-infrarouge-portable\/\">\n\t\t\t<i aria-hidden=\"true\" class=\"rebuilto-icon- rebuilto-icon-arrow-up-right\"><\/i>\t\t\t<\/a>\n\t\t<\/div>\n\t\t\t\t\t\t<\/div>\n\t\t\t\t<\/div>\n\t\t\t\t<\/div>\n\t\t\t\t\t<\/div>\n\t\t\t\t<\/div>\n\t\t<div class=\"elementor-element elementor-element-5f1c71d e-grid e-con-boxed e-con e-parent\" data-id=\"5f1c71d\" data-element_type=\"container\" data-e-type=\"container\">\n\t\t\t\t\t<div class=\"e-con-inner\">\n\t\t<div class=\"elementor-element elementor-element-d7010e1 e-con-full e-flex e-con e-child\" data-id=\"d7010e1\" data-element_type=\"container\" data-e-type=\"container\" data-settings=\"{&quot;background_background&quot;:&quot;classic&quot;}\">\n\t\t\t\t<div class=\"elementor-element elementor-element-654ad80 elementor-widget elementor-widget-image\" data-id=\"654ad80\" data-element_type=\"widget\" data-e-type=\"widget\" data-widget_type=\"image.default\">\n\t\t\t\t<div class=\"elementor-widget-container\">\n\t\t\t\t\t\t\t\t\t\t\t\t\t\t\t\t<a href=\"\/en\/micro-bains\/\">\n\t\t\t\t\t\t\t<img loading=\"lazy\" decoding=\"async\" width=\"900\" height=\"866\" src=\"https:\/\/www.adelec-inter.com\/wp-content\/uploads\/2025\/06\/Group-1000003532-1024x985.jpg\" class=\"attachment-large size-large wp-image-16697\" alt=\"\" srcset=\"https:\/\/www.adelec-inter.com\/wp-content\/uploads\/2025\/06\/Group-1000003532-1024x985.jpg 1024w, https:\/\/www.adelec-inter.com\/wp-content\/uploads\/2025\/06\/Group-1000003532-300x289.jpg 300w, https:\/\/www.adelec-inter.com\/wp-content\/uploads\/2025\/06\/Group-1000003532-768x739.jpg 768w, https:\/\/www.adelec-inter.com\/wp-content\/uploads\/2025\/06\/Group-1000003532-1536x1478.jpg 1536w, https:\/\/www.adelec-inter.com\/wp-content\/uploads\/2025\/06\/Group-1000003532.jpg 1588w\" sizes=\"(max-width: 900px) 100vw, 900px\" \/>\t\t\t\t\t\t\t\t<\/a>\n\t\t\t\t\t\t\t\t\t\t\t\t\t\t\t<\/div>\n\t\t\t\t<\/div>\n\t\t\t\t<div class=\"elementor-element elementor-element-bd11ae5 card-title elementor-widget elementor-widget-heading\" data-id=\"bd11ae5\" data-element_type=\"widget\" data-e-type=\"widget\" data-widget_type=\"heading.default\">\n\t\t\t\t<div class=\"elementor-widget-container\">\n\t\t\t\t\t<h6 class=\"elementor-heading-title elementor-size-default\"><a href=\"\/en\/micro-bains\/\">Micro-bains <\/a><\/h6>\t\t\t\t<\/div>\n\t\t\t\t<\/div>\n\t\t\t\t<div class=\"elementor-element elementor-element-4dd710a desc elementor-widget elementor-widget-text-editor\" data-id=\"4dd710a\" data-element_type=\"widget\" data-e-type=\"widget\" data-widget_type=\"text-editor.default\">\n\t\t\t\t<div class=\"elementor-widget-container\">\n\t\t\t\t\t\t\t\t\t<div class=\"jshop_prod_description\"><p>Petits bains thermostatiques ultra-pr\u00e9cis utilis\u00e9s pour l\u2019\u00e9talonnage de capteurs de temp\u00e9rature, id\u00e9als pour les sondes de petit diam\u00e8tre gr\u00e2ce \u00e0 leur excellente stabilit\u00e9 et uniformit\u00e9 thermique.<\/p><\/div>\t\t\t\t\t\t\t\t<\/div>\n\t\t\t\t<\/div>\n\t\t\t\t<div class=\"elementor-element elementor-element-be11f50 elementor-view-stacked elementor-shape-square elementor-widget elementor-widget-icon\" data-id=\"be11f50\" data-element_type=\"widget\" data-e-type=\"widget\" data-widget_type=\"icon.default\">\n\t\t\t\t<div class=\"elementor-widget-container\">\n\t\t\t\t\t\t\t<div class=\"elementor-icon-wrapper\">\n\t\t\t<a class=\"elementor-icon elementor-animation-buzz-out\" href=\"\/en\/micro-bains\/\">\n\t\t\t<i aria-hidden=\"true\" class=\"rebuilto-icon- rebuilto-icon-arrow-up-right\"><\/i>\t\t\t<\/a>\n\t\t<\/div>\n\t\t\t\t\t\t<\/div>\n\t\t\t\t<\/div>\n\t\t\t\t<\/div>\n\t\t<div class=\"elementor-element elementor-element-7982a9d e-con-full e-flex e-con e-child\" data-id=\"7982a9d\" data-element_type=\"container\" data-e-type=\"container\" data-settings=\"{&quot;background_background&quot;:&quot;classic&quot;}\">\n\t\t\t\t<div class=\"elementor-element elementor-element-c1cc24b elementor-widget elementor-widget-image\" data-id=\"c1cc24b\" data-element_type=\"widget\" data-e-type=\"widget\" data-widget_type=\"image.default\">\n\t\t\t\t<div class=\"elementor-widget-container\">\n\t\t\t\t\t\t\t\t\t\t\t\t\t\t\t\t<a href=\"\/en\/sondes-et-capteurs\/\">\n\t\t\t\t\t\t\t<img loading=\"lazy\" decoding=\"async\" width=\"900\" height=\"864\" src=\"https:\/\/www.adelec-inter.com\/wp-content\/uploads\/2025\/06\/Group-1000003582-1024x983.jpg\" class=\"attachment-large size-large wp-image-16680\" alt=\"\" srcset=\"https:\/\/www.adelec-inter.com\/wp-content\/uploads\/2025\/06\/Group-1000003582-1024x983.jpg 1024w, https:\/\/www.adelec-inter.com\/wp-content\/uploads\/2025\/06\/Group-1000003582-300x288.jpg 300w, https:\/\/www.adelec-inter.com\/wp-content\/uploads\/2025\/06\/Group-1000003582-768x737.jpg 768w, https:\/\/www.adelec-inter.com\/wp-content\/uploads\/2025\/06\/Group-1000003582-1536x1474.jpg 1536w, https:\/\/www.adelec-inter.com\/wp-content\/uploads\/2025\/06\/Group-1000003582.jpg 1588w\" sizes=\"(max-width: 900px) 100vw, 900px\" \/>\t\t\t\t\t\t\t\t<\/a>\n\t\t\t\t\t\t\t\t\t\t\t\t\t\t\t<\/div>\n\t\t\t\t<\/div>\n\t\t\t\t<div class=\"elementor-element elementor-element-95a22e5 card-title elementor-widget elementor-widget-heading\" data-id=\"95a22e5\" data-element_type=\"widget\" data-e-type=\"widget\" data-widget_type=\"heading.default\">\n\t\t\t\t<div class=\"elementor-widget-container\">\n\t\t\t\t\t<h6 class=\"elementor-heading-title elementor-size-default\"><a href=\"\/en\/sondes-et-capteurs\/\">Sondes et Capteurs<\/a><\/h6>\t\t\t\t<\/div>\n\t\t\t\t<\/div>\n\t\t\t\t<div class=\"elementor-element elementor-element-7093a24 desc elementor-widget elementor-widget-text-editor\" data-id=\"7093a24\" data-element_type=\"widget\" data-e-type=\"widget\" data-widget_type=\"text-editor.default\">\n\t\t\t\t<div class=\"elementor-widget-container\">\n\t\t\t\t\t\t\t\t\t<div class=\"jshop_prod_description\"><p>Dispositifs de mesure utilis\u00e9s pour d\u00e9tecter et transmettre des donn\u00e9es de temp\u00e9rature, adapt\u00e9s \u00e0 une large gamme d\u2019applications industrielles, scientifiques ou m\u00e9dicales, avec des versions adapt\u00e9es \u00e0 chaque besoin<\/p><\/div>\t\t\t\t\t\t\t\t<\/div>\n\t\t\t\t<\/div>\n\t\t\t\t<div class=\"elementor-element elementor-element-9d8112f elementor-view-stacked elementor-shape-square elementor-widget elementor-widget-icon\" data-id=\"9d8112f\" data-element_type=\"widget\" data-e-type=\"widget\" data-widget_type=\"icon.default\">\n\t\t\t\t<div class=\"elementor-widget-container\">\n\t\t\t\t\t\t\t<div class=\"elementor-icon-wrapper\">\n\t\t\t<a class=\"elementor-icon elementor-animation-buzz-out\" href=\"\/en\/sondes-et-capteurs\/\">\n\t\t\t<i aria-hidden=\"true\" class=\"rebuilto-icon- rebuilto-icon-arrow-up-right\"><\/i>\t\t\t<\/a>\n\t\t<\/div>\n\t\t\t\t\t\t<\/div>\n\t\t\t\t<\/div>\n\t\t\t\t<\/div>\n\t\t<div class=\"elementor-element elementor-element-850f1c0 e-con-full e-flex e-con e-child\" data-id=\"850f1c0\" data-element_type=\"container\" data-e-type=\"container\" data-settings=\"{&quot;background_background&quot;:&quot;classic&quot;}\">\n\t\t\t\t<div class=\"elementor-element elementor-element-a1860a0 elementor-widget elementor-widget-image\" data-id=\"a1860a0\" data-element_type=\"widget\" data-e-type=\"widget\" data-widget_type=\"image.default\">\n\t\t\t\t<div class=\"elementor-widget-container\">\n\t\t\t\t\t\t\t\t\t\t\t\t\t\t\t\t<a href=\"\/en\/bains-compacts-a-puits-profond\/\">\n\t\t\t\t\t\t\t<img loading=\"lazy\" decoding=\"async\" width=\"900\" height=\"864\" src=\"https:\/\/www.adelec-inter.com\/wp-content\/uploads\/2025\/06\/Group-1000003583-1024x983.jpg\" class=\"attachment-large size-large wp-image-16681\" alt=\"\" srcset=\"https:\/\/www.adelec-inter.com\/wp-content\/uploads\/2025\/06\/Group-1000003583-1024x983.jpg 1024w, https:\/\/www.adelec-inter.com\/wp-content\/uploads\/2025\/06\/Group-1000003583-300x288.jpg 300w, https:\/\/www.adelec-inter.com\/wp-content\/uploads\/2025\/06\/Group-1000003583-768x737.jpg 768w, https:\/\/www.adelec-inter.com\/wp-content\/uploads\/2025\/06\/Group-1000003583.jpg 1508w\" sizes=\"(max-width: 900px) 100vw, 900px\" \/>\t\t\t\t\t\t\t\t<\/a>\n\t\t\t\t\t\t\t\t\t\t\t\t\t\t\t<\/div>\n\t\t\t\t<\/div>\n\t\t\t\t<div class=\"elementor-element elementor-element-5f2cab8 card-title elementor-widget elementor-widget-heading\" data-id=\"5f2cab8\" data-element_type=\"widget\" data-e-type=\"widget\" data-widget_type=\"heading.default\">\n\t\t\t\t<div class=\"elementor-widget-container\">\n\t\t\t\t\t<h6 class=\"elementor-heading-title elementor-size-default\"><a href=\"\/en\/bains-compacts-a-puits-profond\/\">Bains compacts \u00e0 puits profond<\/a><\/h6>\t\t\t\t<\/div>\n\t\t\t\t<\/div>\n\t\t\t\t<div class=\"elementor-element elementor-element-57d96d5 desc elementor-widget elementor-widget-text-editor\" data-id=\"57d96d5\" data-element_type=\"widget\" data-e-type=\"widget\" data-widget_type=\"text-editor.default\">\n\t\t\t\t<div class=\"elementor-widget-container\">\n\t\t\t\t\t\t\t\t\t<div class=\"jshop_prod_description\"><p>Appareils de calibration thermiques combinant un format r\u00e9duit avec une profondeur de puits importante, permettant l\u2019\u00e9talonnage simultan\u00e9 de plusieurs sondes longues avec une excellente stabilit\u00e9 et homog\u00e9n\u00e9it\u00e9 de temp\u00e9rature.<\/p><\/div>\t\t\t\t\t\t\t\t<\/div>\n\t\t\t\t<\/div>\n\t\t\t\t<div class=\"elementor-element elementor-element-f0fe77f elementor-view-stacked elementor-shape-square elementor-widget elementor-widget-icon\" data-id=\"f0fe77f\" data-element_type=\"widget\" data-e-type=\"widget\" data-widget_type=\"icon.default\">\n\t\t\t\t<div class=\"elementor-widget-container\">\n\t\t\t\t\t\t\t<div class=\"elementor-icon-wrapper\">\n\t\t\t<a class=\"elementor-icon elementor-animation-buzz-out\" href=\"\/en\/bains-compacts-a-puits-profond\/\">\n\t\t\t<i aria-hidden=\"true\" class=\"rebuilto-icon- rebuilto-icon-arrow-up-right\"><\/i>\t\t\t<\/a>\n\t\t<\/div>\n\t\t\t\t\t\t<\/div>\n\t\t\t\t<\/div>\n\t\t\t\t<\/div>\n\t\t\t\t\t<\/div>\n\t\t\t\t<\/div>\n\t\t<div class=\"elementor-element elementor-element-5d15889 e-grid e-con-boxed e-con e-parent\" data-id=\"5d15889\" data-element_type=\"container\" data-e-type=\"container\">\n\t\t\t\t\t<div class=\"e-con-inner\">\n\t\t<div class=\"elementor-element elementor-element-ebcb227 e-con-full e-flex e-con e-child\" data-id=\"ebcb227\" data-element_type=\"container\" data-e-type=\"container\" data-settings=\"{&quot;background_background&quot;:&quot;classic&quot;}\">\n\t\t\t\t<div class=\"elementor-element elementor-element-5019bbc elementor-widget elementor-widget-image\" data-id=\"5019bbc\" data-element_type=\"widget\" data-e-type=\"widget\" data-widget_type=\"image.default\">\n\t\t\t\t<div class=\"elementor-widget-container\">\n\t\t\t\t\t\t\t\t\t\t\t\t\t\t\t\t<a href=\"\/en\/bains-detalonnage-de-temperature-compacts\/\">\n\t\t\t\t\t\t\t<img loading=\"lazy\" decoding=\"async\" width=\"900\" height=\"866\" src=\"https:\/\/www.adelec-inter.com\/wp-content\/uploads\/2025\/06\/Group-1000003536-1024x985.jpg\" class=\"attachment-large size-large wp-image-16699\" alt=\"\" srcset=\"https:\/\/www.adelec-inter.com\/wp-content\/uploads\/2025\/06\/Group-1000003536-1024x985.jpg 1024w, https:\/\/www.adelec-inter.com\/wp-content\/uploads\/2025\/06\/Group-1000003536-300x289.jpg 300w, https:\/\/www.adelec-inter.com\/wp-content\/uploads\/2025\/06\/Group-1000003536-768x739.jpg 768w, https:\/\/www.adelec-inter.com\/wp-content\/uploads\/2025\/06\/Group-1000003536-1536x1478.jpg 1536w, https:\/\/www.adelec-inter.com\/wp-content\/uploads\/2025\/06\/Group-1000003536.jpg 1588w\" sizes=\"(max-width: 900px) 100vw, 900px\" \/>\t\t\t\t\t\t\t\t<\/a>\n\t\t\t\t\t\t\t\t\t\t\t\t\t\t\t<\/div>\n\t\t\t\t<\/div>\n\t\t\t\t<div class=\"elementor-element elementor-element-6a809da card-title elementor-widget elementor-widget-heading\" data-id=\"6a809da\" data-element_type=\"widget\" data-e-type=\"widget\" data-widget_type=\"heading.default\">\n\t\t\t\t<div class=\"elementor-widget-container\">\n\t\t\t\t\t<h6 class=\"elementor-heading-title elementor-size-default\"><a href=\"\/en\/bains-detalonnage-de-temperature-compacts\/\">Bains d\u2019\u00e9talonnage de temp\u00e9rature compacts<\/a><\/h6>\t\t\t\t<\/div>\n\t\t\t\t<\/div>\n\t\t\t\t<div class=\"elementor-element elementor-element-90b6f55 desc elementor-widget elementor-widget-text-editor\" data-id=\"90b6f55\" data-element_type=\"widget\" data-e-type=\"widget\" data-widget_type=\"text-editor.default\">\n\t\t\t\t<div class=\"elementor-widget-container\">\n\t\t\t\t\t\t\t\t\t<div class=\"jshop_prod_description\"><p>Syst\u00e8mes portables et pr\u00e9cis con\u00e7us pour l\u2019\u00e9talonnage sur site des capteurs de temp\u00e9rature. Leur format r\u00e9duit facilite le transport tout en garantissant une excellente stabilit\u00e9 thermique et une mont\u00e9e en temp\u00e9rature rapide.<\/p><\/div>\t\t\t\t\t\t\t\t<\/div>\n\t\t\t\t<\/div>\n\t\t\t\t<div class=\"elementor-element elementor-element-b4efee9 elementor-view-stacked elementor-shape-square elementor-widget elementor-widget-icon\" data-id=\"b4efee9\" data-element_type=\"widget\" data-e-type=\"widget\" data-widget_type=\"icon.default\">\n\t\t\t\t<div class=\"elementor-widget-container\">\n\t\t\t\t\t\t\t<div class=\"elementor-icon-wrapper\">\n\t\t\t<a class=\"elementor-icon elementor-animation-buzz-out\" href=\"\/en\/bains-detalonnage-de-temperature-compacts\/\">\n\t\t\t<i aria-hidden=\"true\" class=\"rebuilto-icon- rebuilto-icon-arrow-up-right\"><\/i>\t\t\t<\/a>\n\t\t<\/div>\n\t\t\t\t\t\t<\/div>\n\t\t\t\t<\/div>\n\t\t\t\t<\/div>\n\t\t<div class=\"elementor-element elementor-element-bf56f33 e-con-full e-flex e-con e-child\" data-id=\"bf56f33\" data-element_type=\"container\" data-e-type=\"container\" data-settings=\"{&quot;background_background&quot;:&quot;classic&quot;}\">\n\t\t\t\t<div class=\"elementor-element elementor-element-df01d1a elementor-widget elementor-widget-image\" data-id=\"df01d1a\" data-element_type=\"widget\" data-e-type=\"widget\" data-widget_type=\"image.default\">\n\t\t\t\t<div class=\"elementor-widget-container\">\n\t\t\t\t\t\t\t\t\t\t\t\t\t\t\t\t<a href=\"\/en\/afficheurs-thermometriques\/\">\n\t\t\t\t\t\t\t<img loading=\"lazy\" decoding=\"async\" width=\"900\" height=\"864\" src=\"https:\/\/www.adelec-inter.com\/wp-content\/uploads\/2025\/06\/Group-1000003588-1024x983.jpg\" class=\"attachment-large size-large wp-image-16686\" alt=\"\" srcset=\"https:\/\/www.adelec-inter.com\/wp-content\/uploads\/2025\/06\/Group-1000003588-1024x983.jpg 1024w, https:\/\/www.adelec-inter.com\/wp-content\/uploads\/2025\/06\/Group-1000003588-300x288.jpg 300w, https:\/\/www.adelec-inter.com\/wp-content\/uploads\/2025\/06\/Group-1000003588-768x737.jpg 768w, https:\/\/www.adelec-inter.com\/wp-content\/uploads\/2025\/06\/Group-1000003588.jpg 1508w\" sizes=\"(max-width: 900px) 100vw, 900px\" \/>\t\t\t\t\t\t\t\t<\/a>\n\t\t\t\t\t\t\t\t\t\t\t\t\t\t\t<\/div>\n\t\t\t\t<\/div>\n\t\t\t\t<div class=\"elementor-element elementor-element-d85dbb7 card-title elementor-widget elementor-widget-heading\" data-id=\"d85dbb7\" data-element_type=\"widget\" data-e-type=\"widget\" data-widget_type=\"heading.default\">\n\t\t\t\t<div class=\"elementor-widget-container\">\n\t\t\t\t\t<h6 class=\"elementor-heading-title elementor-size-default\"><a href=\"\/en\/afficheurs-thermometriques\/\">Afficheurs thermom\u00e9triques<\/a><\/h6>\t\t\t\t<\/div>\n\t\t\t\t<\/div>\n\t\t\t\t<div class=\"elementor-element elementor-element-39446e7 desc elementor-widget elementor-widget-text-editor\" data-id=\"39446e7\" data-element_type=\"widget\" data-e-type=\"widget\" data-widget_type=\"text-editor.default\">\n\t\t\t\t<div class=\"elementor-widget-container\">\n\t\t\t\t\t\t\t\t\t<div class=\"jshop_prod_description\"><p>Instruments de lecture haute pr\u00e9cision utilis\u00e9s pour afficher en temps r\u00e9el la temp\u00e9rature mesur\u00e9e par des sondes ou capteurs. Essentiels pour les op\u00e9rations de calibration<\/p><\/div>\t\t\t\t\t\t\t\t<\/div>\n\t\t\t\t<\/div>\n\t\t\t\t<div class=\"elementor-element elementor-element-727b652 elementor-view-stacked elementor-shape-square elementor-widget elementor-widget-icon\" data-id=\"727b652\" data-element_type=\"widget\" data-e-type=\"widget\" data-widget_type=\"icon.default\">\n\t\t\t\t<div class=\"elementor-widget-container\">\n\t\t\t\t\t\t\t<div class=\"elementor-icon-wrapper\">\n\t\t\t<a class=\"elementor-icon elementor-animation-buzz-out\" href=\"\/en\/afficheurs-thermometriques\/\">\n\t\t\t<i aria-hidden=\"true\" class=\"rebuilto-icon- rebuilto-icon-arrow-up-right\"><\/i>\t\t\t<\/a>\n\t\t<\/div>\n\t\t\t\t\t\t<\/div>\n\t\t\t\t<\/div>\n\t\t\t\t<\/div>\n\t\t\t\t\t<\/div>\n\t\t\t\t<\/div>\n\t\t\t\t<\/div>","protected":false},"excerpt":{"rendered":"<p>Fours de Temp\u00e9rature Portables Permet des tests ou traitements thermiques directement sur le lieu d\u2019intervention, sans besoin d\u2019infrastructure fixe. Four d\u2019\u00e9talonnage pour thermocouple Dispositif con\u00e7u pour g\u00e9n\u00e9rer des temp\u00e9ratures stables et pr\u00e9cises afin de v\u00e9rifier, ajuster ou calibrer les thermocouples et autres capteurs de temp\u00e9rature dans des conditions contr\u00f4l\u00e9es. Calibrateur infrarouge portable Appareil compact con\u00e7u [&hellip;]<\/p>\n","protected":false},"author":2,"featured_media":0,"parent":0,"menu_order":0,"comment_status":"closed","ping_status":"closed","template":"","meta":{"_acf_changed":false,"footnotes":""},"class_list":["post-16722","page","type-page","status-publish","hentry"],"acf":[],"_links":{"self":[{"href":"https:\/\/www.adelec-inter.com\/en\/wp-json\/wp\/v2\/pages\/16722","targetHints":{"allow":["GET"]}}],"collection":[{"href":"https:\/\/www.adelec-inter.com\/en\/wp-json\/wp\/v2\/pages"}],"about":[{"href":"https:\/\/www.adelec-inter.com\/en\/wp-json\/wp\/v2\/types\/page"}],"author":[{"embeddable":true,"href":"https:\/\/www.adelec-inter.com\/en\/wp-json\/wp\/v2\/users\/2"}],"replies":[{"embeddable":true,"href":"https:\/\/www.adelec-inter.com\/en\/wp-json\/wp\/v2\/comments?post=16722"}],"version-history":[{"count":28,"href":"https:\/\/www.adelec-inter.com\/en\/wp-json\/wp\/v2\/pages\/16722\/revisions"}],"predecessor-version":[{"id":16818,"href":"https:\/\/www.adelec-inter.com\/en\/wp-json\/wp\/v2\/pages\/16722\/revisions\/16818"}],"wp:attachment":[{"href":"https:\/\/www.adelec-inter.com\/en\/wp-json\/wp\/v2\/media?parent=16722"}],"curies":[{"name":"wp","href":"https:\/\/api.w.org\/{rel}","templated":true}]}}