{"id":17995,"date":"2025-06-13T11:48:19","date_gmt":"2025-06-13T09:48:19","guid":{"rendered":"https:\/\/www.adelec-inter.com\/?page_id=17995"},"modified":"2025-06-13T12:00:05","modified_gmt":"2025-06-13T10:00:05","slug":"pince-de-formage","status":"publish","type":"page","link":"https:\/\/www.adelec-inter.com\/en\/pince-de-formage\/","title":{"rendered":"FORMING PLIERS"},"content":{"rendered":"<div data-elementor-type=\"wp-page\" data-elementor-id=\"17995\" class=\"elementor elementor-17995\" data-elementor-post-type=\"page\">\n\t\t\t\t<div class=\"elementor-element elementor-element-0e6724b e-grid e-con-boxed e-con e-parent\" data-id=\"0e6724b\" data-element_type=\"container\" data-e-type=\"container\">\n\t\t\t\t\t<div class=\"e-con-inner\">\n\t\t<div class=\"elementor-element elementor-element-5b3df2a e-con-full e-flex e-con e-child\" data-id=\"5b3df2a\" data-element_type=\"container\" data-e-type=\"container\" data-settings=\"{&quot;background_background&quot;:&quot;classic&quot;}\">\n\t\t\t\t<div class=\"elementor-element elementor-element-4cd3e83 elementor-widget elementor-widget-image\" data-id=\"4cd3e83\" data-element_type=\"widget\" data-e-type=\"widget\" data-widget_type=\"image.default\">\n\t\t\t\t<div class=\"elementor-widget-container\">\n\t\t\t\t\t\t\t\t\t\t\t\t\t\t\t\t<a href=\"\/en\/pince-a-former-en-forme-de-c\/\">\n\t\t\t\t\t\t\t<img fetchpriority=\"high\" decoding=\"async\" width=\"900\" height=\"864\" src=\"https:\/\/www.adelec-inter.com\/wp-content\/uploads\/2025\/06\/Group-1000003410-1024x983.jpg\" class=\"attachment-large size-large wp-image-18000\" alt=\"\" srcset=\"https:\/\/www.adelec-inter.com\/wp-content\/uploads\/2025\/06\/Group-1000003410-1024x983.jpg 1024w, https:\/\/www.adelec-inter.com\/wp-content\/uploads\/2025\/06\/Group-1000003410-300x288.jpg 300w, https:\/\/www.adelec-inter.com\/wp-content\/uploads\/2025\/06\/Group-1000003410-768x737.jpg 768w, https:\/\/www.adelec-inter.com\/wp-content\/uploads\/2025\/06\/Group-1000003410.jpg 1508w\" sizes=\"(max-width: 900px) 100vw, 900px\" \/>\t\t\t\t\t\t\t\t<\/a>\n\t\t\t\t\t\t\t\t\t\t\t\t\t\t\t<\/div>\n\t\t\t\t<\/div>\n\t\t\t\t<div class=\"elementor-element elementor-element-3472a84 card-title elementor-widget elementor-widget-heading\" data-id=\"3472a84\" data-element_type=\"widget\" data-e-type=\"widget\" data-widget_type=\"heading.default\">\n\t\t\t\t<div class=\"elementor-widget-container\">\n\t\t\t\t\t<h6 class=\"elementor-heading-title elementor-size-default\"><a href=\"\/en\/pince-a-former-en-forme-de-c\/\">Pince \u00e0 former en forme de \u00abC\u00bb<\/a><\/h6>\t\t\t\t<\/div>\n\t\t\t\t<\/div>\n\t\t\t\t<div class=\"elementor-element elementor-element-0f1a4ee desc elementor-widget elementor-widget-text-editor\" data-id=\"0f1a4ee\" data-element_type=\"widget\" data-e-type=\"widget\" data-widget_type=\"text-editor.default\">\n\t\t\t\t<div class=\"elementor-widget-container\">\n\t\t\t\t\t\t\t\t\t<div class=\"jshop_prod_description\"><p>La pince \u00e0 former en forme de \u00ab C \u00bb est un outil sp\u00e9cialis\u00e9 con\u00e7u pour plier, fa\u00e7onner ou cintrer des fils, tiges ou composants m\u00e9talliques en arcs ou courbes pr\u00e9cises en forme de \u00ab C \u00bb.<\/p><\/div>\t\t\t\t\t\t\t\t<\/div>\n\t\t\t\t<\/div>\n\t\t\t\t<div class=\"elementor-element elementor-element-5e783ec elementor-view-stacked elementor-shape-square elementor-widget elementor-widget-icon\" data-id=\"5e783ec\" data-element_type=\"widget\" data-e-type=\"widget\" data-widget_type=\"icon.default\">\n\t\t\t\t<div class=\"elementor-widget-container\">\n\t\t\t\t\t\t\t<div class=\"elementor-icon-wrapper\">\n\t\t\t<a class=\"elementor-icon elementor-animation-buzz-out\" href=\"\/en\/pince-a-former-en-forme-de-c\/\">\n\t\t\t<i aria-hidden=\"true\" class=\"rebuilto-icon- rebuilto-icon-arrow-up-right\"><\/i>\t\t\t<\/a>\n\t\t<\/div>\n\t\t\t\t\t\t<\/div>\n\t\t\t\t<\/div>\n\t\t\t\t<\/div>\n\t\t<div class=\"elementor-element elementor-element-091388b e-con-full e-flex e-con e-child\" data-id=\"091388b\" data-element_type=\"container\" data-e-type=\"container\" data-settings=\"{&quot;background_background&quot;:&quot;classic&quot;}\">\n\t\t\t\t<div class=\"elementor-element elementor-element-60ad8a6 elementor-widget elementor-widget-image\" data-id=\"60ad8a6\" data-element_type=\"widget\" data-e-type=\"widget\" data-widget_type=\"image.default\">\n\t\t\t\t<div class=\"elementor-widget-container\">\n\t\t\t\t\t\t\t\t\t\t\t\t\t\t\t\t<a href=\"\/en\/pince-de-formage-en-forme-de-u\/\">\n\t\t\t\t\t\t\t<img decoding=\"async\" width=\"900\" height=\"866\" src=\"https:\/\/www.adelec-inter.com\/wp-content\/uploads\/2025\/06\/Group-1000003648-1024x985.jpg\" class=\"attachment-large size-large wp-image-18001\" alt=\"\" srcset=\"https:\/\/www.adelec-inter.com\/wp-content\/uploads\/2025\/06\/Group-1000003648-1024x985.jpg 1024w, https:\/\/www.adelec-inter.com\/wp-content\/uploads\/2025\/06\/Group-1000003648-300x289.jpg 300w, https:\/\/www.adelec-inter.com\/wp-content\/uploads\/2025\/06\/Group-1000003648-768x739.jpg 768w, https:\/\/www.adelec-inter.com\/wp-content\/uploads\/2025\/06\/Group-1000003648-1536x1478.jpg 1536w, https:\/\/www.adelec-inter.com\/wp-content\/uploads\/2025\/06\/Group-1000003648.jpg 1588w\" sizes=\"(max-width: 900px) 100vw, 900px\" \/>\t\t\t\t\t\t\t\t<\/a>\n\t\t\t\t\t\t\t\t\t\t\t\t\t\t\t<\/div>\n\t\t\t\t<\/div>\n\t\t\t\t<div class=\"elementor-element elementor-element-007406d card-title elementor-widget elementor-widget-heading\" data-id=\"007406d\" data-element_type=\"widget\" data-e-type=\"widget\" data-widget_type=\"heading.default\">\n\t\t\t\t<div class=\"elementor-widget-container\">\n\t\t\t\t\t<h6 class=\"elementor-heading-title elementor-size-default\"><a href=\"\/en\/pince-de-formage-en-forme-de-u\/\">Pince de formage en forme de \u00ab U \u00bb<\/a><\/h6>\t\t\t\t<\/div>\n\t\t\t\t<\/div>\n\t\t\t\t<div class=\"elementor-element elementor-element-ca6e6f5 desc elementor-widget elementor-widget-text-editor\" data-id=\"ca6e6f5\" data-element_type=\"widget\" data-e-type=\"widget\" data-widget_type=\"text-editor.default\">\n\t\t\t\t<div class=\"elementor-widget-container\">\n\t\t\t\t\t\t\t\t\t<p>La pince de formage en forme de \u00ab U \u00bb est un outil destin\u00e9 \u00e0 plier, courber ou fa\u00e7onner des fils, tiges ou composants m\u00e9talliques en courbes pr\u00e9cises en forme de \u00ab U \u00bb.<\/p>\t\t\t\t\t\t\t\t<\/div>\n\t\t\t\t<\/div>\n\t\t\t\t<div class=\"elementor-element elementor-element-e8004c4 elementor-view-stacked elementor-shape-square elementor-widget elementor-widget-icon\" data-id=\"e8004c4\" data-element_type=\"widget\" data-e-type=\"widget\" data-widget_type=\"icon.default\">\n\t\t\t\t<div class=\"elementor-widget-container\">\n\t\t\t\t\t\t\t<div class=\"elementor-icon-wrapper\">\n\t\t\t<a class=\"elementor-icon elementor-animation-buzz-out\" href=\"\/en\/pince-de-formage-en-forme-de-u\/\">\n\t\t\t<i aria-hidden=\"true\" class=\"rebuilto-icon- rebuilto-icon-arrow-up-right\"><\/i>\t\t\t<\/a>\n\t\t<\/div>\n\t\t\t\t\t\t<\/div>\n\t\t\t\t<\/div>\n\t\t\t\t<\/div>\n\t\t<div class=\"elementor-element elementor-element-d2c4681 e-con-full e-flex e-con e-child\" data-id=\"d2c4681\" data-element_type=\"container\" data-e-type=\"container\" data-settings=\"{&quot;background_background&quot;:&quot;classic&quot;}\">\n\t\t\t\t<div class=\"elementor-element elementor-element-8f7f4e9 elementor-widget elementor-widget-image\" data-id=\"8f7f4e9\" data-element_type=\"widget\" data-e-type=\"widget\" data-widget_type=\"image.default\">\n\t\t\t\t<div class=\"elementor-widget-container\">\n\t\t\t\t\t\t\t\t\t\t\t\t\t\t\t\t<a href=\"\/en\/pince-de-formage-a-90\/\">\n\t\t\t\t\t\t\t<img decoding=\"async\" width=\"900\" height=\"864\" src=\"https:\/\/www.adelec-inter.com\/wp-content\/uploads\/2025\/06\/Group-1000003523-1024x983.jpg\" class=\"attachment-large size-large wp-image-18003\" alt=\"\" srcset=\"https:\/\/www.adelec-inter.com\/wp-content\/uploads\/2025\/06\/Group-1000003523-1024x983.jpg 1024w, https:\/\/www.adelec-inter.com\/wp-content\/uploads\/2025\/06\/Group-1000003523-300x288.jpg 300w, https:\/\/www.adelec-inter.com\/wp-content\/uploads\/2025\/06\/Group-1000003523-768x737.jpg 768w, https:\/\/www.adelec-inter.com\/wp-content\/uploads\/2025\/06\/Group-1000003523.jpg 1508w\" sizes=\"(max-width: 900px) 100vw, 900px\" \/>\t\t\t\t\t\t\t\t<\/a>\n\t\t\t\t\t\t\t\t\t\t\t\t\t\t\t<\/div>\n\t\t\t\t<\/div>\n\t\t\t\t<div class=\"elementor-element elementor-element-08ac58a card-title elementor-widget elementor-widget-heading\" data-id=\"08ac58a\" data-element_type=\"widget\" data-e-type=\"widget\" data-widget_type=\"heading.default\">\n\t\t\t\t<div class=\"elementor-widget-container\">\n\t\t\t\t\t<h6 class=\"elementor-heading-title elementor-size-default\"><a href=\"\/en\/pince-de-formage-a-90\/\">Pince de formage \u00e0 90\u00b0<\/a><\/h6>\t\t\t\t<\/div>\n\t\t\t\t<\/div>\n\t\t\t\t<div class=\"elementor-element elementor-element-02b89f0 desc elementor-widget elementor-widget-text-editor\" data-id=\"02b89f0\" data-element_type=\"widget\" data-e-type=\"widget\" data-widget_type=\"text-editor.default\">\n\t\t\t\t<div class=\"elementor-widget-container\">\n\t\t\t\t\t\t\t\t\t<p>La pince de formage \u00e0 90\u00b0 est un outil con\u00e7u pour plier ou fa\u00e7onner des fils, tiges ou petits composants m\u00e9talliques en angles droits pr\u00e9cis. Sa forme sp\u00e9cifique permet de r\u00e9aliser des coudes nets \u00e0 90 degr\u00e9s<\/p>\t\t\t\t\t\t\t\t<\/div>\n\t\t\t\t<\/div>\n\t\t\t\t<div class=\"elementor-element elementor-element-e8a821c elementor-view-stacked elementor-shape-square elementor-widget elementor-widget-icon\" data-id=\"e8a821c\" data-element_type=\"widget\" data-e-type=\"widget\" data-widget_type=\"icon.default\">\n\t\t\t\t<div class=\"elementor-widget-container\">\n\t\t\t\t\t\t\t<div class=\"elementor-icon-wrapper\">\n\t\t\t<a class=\"elementor-icon elementor-animation-buzz-out\" href=\"\/en\/pince-de-formage-a-90\/\">\n\t\t\t<i aria-hidden=\"true\" class=\"rebuilto-icon- rebuilto-icon-arrow-up-right\"><\/i>\t\t\t<\/a>\n\t\t<\/div>\n\t\t\t\t\t\t<\/div>\n\t\t\t\t<\/div>\n\t\t\t\t<\/div>\n\t\t\t\t\t<\/div>\n\t\t\t\t<\/div>\n\t\t<div class=\"elementor-element elementor-element-8794adf e-grid e-con-boxed e-con e-parent\" data-id=\"8794adf\" data-element_type=\"container\" data-e-type=\"container\">\n\t\t\t\t\t<div class=\"e-con-inner\">\n\t\t<div class=\"elementor-element elementor-element-3f3fabd e-con-full e-flex e-con e-child\" data-id=\"3f3fabd\" data-element_type=\"container\" data-e-type=\"container\" data-settings=\"{&quot;background_background&quot;:&quot;classic&quot;}\">\n\t\t\t\t<div class=\"elementor-element elementor-element-1f44114 elementor-widget elementor-widget-image\" data-id=\"1f44114\" data-element_type=\"widget\" data-e-type=\"widget\" data-widget_type=\"image.default\">\n\t\t\t\t<div class=\"elementor-widget-container\">\n\t\t\t\t\t\t\t\t\t\t\t\t\t\t\t\t<a href=\"\/en\/pince-de-formage-en-forme-de-l\/\">\n\t\t\t\t\t\t\t<img loading=\"lazy\" decoding=\"async\" width=\"900\" height=\"864\" src=\"https:\/\/www.adelec-inter.com\/wp-content\/uploads\/2025\/06\/Group-1000003645-1024x983.jpg\" class=\"attachment-large size-large wp-image-18004\" alt=\"\" srcset=\"https:\/\/www.adelec-inter.com\/wp-content\/uploads\/2025\/06\/Group-1000003645-1024x983.jpg 1024w, https:\/\/www.adelec-inter.com\/wp-content\/uploads\/2025\/06\/Group-1000003645-300x288.jpg 300w, https:\/\/www.adelec-inter.com\/wp-content\/uploads\/2025\/06\/Group-1000003645-768x737.jpg 768w, https:\/\/www.adelec-inter.com\/wp-content\/uploads\/2025\/06\/Group-1000003645.jpg 1508w\" sizes=\"(max-width: 900px) 100vw, 900px\" \/>\t\t\t\t\t\t\t\t<\/a>\n\t\t\t\t\t\t\t\t\t\t\t\t\t\t\t<\/div>\n\t\t\t\t<\/div>\n\t\t\t\t<div class=\"elementor-element elementor-element-c111adc card-title elementor-widget elementor-widget-heading\" data-id=\"c111adc\" data-element_type=\"widget\" data-e-type=\"widget\" data-widget_type=\"heading.default\">\n\t\t\t\t<div class=\"elementor-widget-container\">\n\t\t\t\t\t<h6 class=\"elementor-heading-title elementor-size-default\"><a href=\"\/en\/pince-de-formage-en-forme-de-l\/\">Pince de formage en forme de \u00ab L \u00bb<\/a><\/h6>\t\t\t\t<\/div>\n\t\t\t\t<\/div>\n\t\t\t\t<div class=\"elementor-element elementor-element-179d8f9 desc elementor-widget elementor-widget-text-editor\" data-id=\"179d8f9\" data-element_type=\"widget\" data-e-type=\"widget\" data-widget_type=\"text-editor.default\">\n\t\t\t\t<div class=\"elementor-widget-container\">\n\t\t\t\t\t\t\t\t\t<div class=\"jshop_prod_description\"><p>La pince de formage en forme de \u00ab L \u00bb est sp\u00e9cialement con\u00e7ue pour plier et fa\u00e7onner des fils, tiges ou composants m\u00e9talliques en angles formant un \u00ab L \u00bb pr\u00e9cis.<\/p><\/div>\t\t\t\t\t\t\t\t<\/div>\n\t\t\t\t<\/div>\n\t\t\t\t<div class=\"elementor-element elementor-element-43c4e72 elementor-view-stacked elementor-shape-square elementor-widget elementor-widget-icon\" data-id=\"43c4e72\" data-element_type=\"widget\" data-e-type=\"widget\" data-widget_type=\"icon.default\">\n\t\t\t\t<div class=\"elementor-widget-container\">\n\t\t\t\t\t\t\t<div class=\"elementor-icon-wrapper\">\n\t\t\t<a class=\"elementor-icon elementor-animation-buzz-out\" href=\"\/en\/pince-de-formage-en-forme-de-l\/\">\n\t\t\t<i aria-hidden=\"true\" class=\"rebuilto-icon- rebuilto-icon-arrow-up-right\"><\/i>\t\t\t<\/a>\n\t\t<\/div>\n\t\t\t\t\t\t<\/div>\n\t\t\t\t<\/div>\n\t\t\t\t<\/div>\n\t\t<div class=\"elementor-element elementor-element-bd95d4e e-con-full e-flex e-con e-child\" data-id=\"bd95d4e\" data-element_type=\"container\" data-e-type=\"container\" data-settings=\"{&quot;background_background&quot;:&quot;classic&quot;}\">\n\t\t\t\t<div class=\"elementor-element elementor-element-3303332 elementor-widget elementor-widget-image\" data-id=\"3303332\" data-element_type=\"widget\" data-e-type=\"widget\" data-widget_type=\"image.default\">\n\t\t\t\t<div class=\"elementor-widget-container\">\n\t\t\t\t\t\t\t\t\t\t\t\t\t\t\t\t<a href=\"\/en\/pince-de-formage-a-composants-plats\/\">\n\t\t\t\t\t\t\t<img loading=\"lazy\" decoding=\"async\" width=\"900\" height=\"864\" src=\"https:\/\/www.adelec-inter.com\/wp-content\/uploads\/2025\/06\/Group-1000003529-1024x983.jpg\" class=\"attachment-large size-large wp-image-18005\" alt=\"\" srcset=\"https:\/\/www.adelec-inter.com\/wp-content\/uploads\/2025\/06\/Group-1000003529-1024x983.jpg 1024w, https:\/\/www.adelec-inter.com\/wp-content\/uploads\/2025\/06\/Group-1000003529-300x288.jpg 300w, https:\/\/www.adelec-inter.com\/wp-content\/uploads\/2025\/06\/Group-1000003529-768x737.jpg 768w, https:\/\/www.adelec-inter.com\/wp-content\/uploads\/2025\/06\/Group-1000003529.jpg 1508w\" sizes=\"(max-width: 900px) 100vw, 900px\" \/>\t\t\t\t\t\t\t\t<\/a>\n\t\t\t\t\t\t\t\t\t\t\t\t\t\t\t<\/div>\n\t\t\t\t<\/div>\n\t\t\t\t<div class=\"elementor-element elementor-element-99d12a2 card-title elementor-widget elementor-widget-heading\" data-id=\"99d12a2\" data-element_type=\"widget\" data-e-type=\"widget\" data-widget_type=\"heading.default\">\n\t\t\t\t<div class=\"elementor-widget-container\">\n\t\t\t\t\t<h6 class=\"elementor-heading-title elementor-size-default\"><a href=\"\/en\/pince-de-formage-a-composants-plats\/\">Pince de formage \u00e0 composants plats<\/a><\/h6>\t\t\t\t<\/div>\n\t\t\t\t<\/div>\n\t\t\t\t<div class=\"elementor-element elementor-element-8ec2ca4 desc elementor-widget elementor-widget-text-editor\" data-id=\"8ec2ca4\" data-element_type=\"widget\" data-e-type=\"widget\" data-widget_type=\"text-editor.default\">\n\t\t\t\t<div class=\"elementor-widget-container\">\n\t\t\t\t\t\t\t\t\t<p>La pince de formage \u00e0 composants plats est un outil con\u00e7u sp\u00e9cifiquement pour plier, fa\u00e7onner ou repositionner des composants \u00e9lectroniques ou m\u00e9talliques \u00e0 surface plane.<\/p>\t\t\t\t\t\t\t\t<\/div>\n\t\t\t\t<\/div>\n\t\t\t\t<div class=\"elementor-element elementor-element-9b0a8d1 elementor-view-stacked elementor-shape-square elementor-widget elementor-widget-icon\" data-id=\"9b0a8d1\" data-element_type=\"widget\" data-e-type=\"widget\" data-widget_type=\"icon.default\">\n\t\t\t\t<div class=\"elementor-widget-container\">\n\t\t\t\t\t\t\t<div class=\"elementor-icon-wrapper\">\n\t\t\t<a class=\"elementor-icon elementor-animation-buzz-out\" href=\"\/en\/pince-de-formage-a-composants-plats\/\">\n\t\t\t<i aria-hidden=\"true\" class=\"rebuilto-icon- rebuilto-icon-arrow-up-right\"><\/i>\t\t\t<\/a>\n\t\t<\/div>\n\t\t\t\t\t\t<\/div>\n\t\t\t\t<\/div>\n\t\t\t\t<\/div>\n\t\t<div class=\"elementor-element elementor-element-d07b8d0 e-con-full e-flex e-con e-child\" data-id=\"d07b8d0\" data-element_type=\"container\" data-e-type=\"container\" data-settings=\"{&quot;background_background&quot;:&quot;classic&quot;}\">\n\t\t\t\t<div class=\"elementor-element elementor-element-566f018 elementor-widget elementor-widget-image\" data-id=\"566f018\" data-element_type=\"widget\" data-e-type=\"widget\" data-widget_type=\"image.default\">\n\t\t\t\t<div class=\"elementor-widget-container\">\n\t\t\t\t\t\t\t\t\t\t\t\t\t\t\t\t<a href=\"\/en\/petite-pince-de-formage-et-de-coupe-ic\/\">\n\t\t\t\t\t\t\t<img loading=\"lazy\" decoding=\"async\" width=\"900\" height=\"864\" src=\"https:\/\/www.adelec-inter.com\/wp-content\/uploads\/2025\/06\/Group-1000003399-1024x983.jpg\" class=\"attachment-large size-large wp-image-18006\" alt=\"\" srcset=\"https:\/\/www.adelec-inter.com\/wp-content\/uploads\/2025\/06\/Group-1000003399-1024x983.jpg 1024w, https:\/\/www.adelec-inter.com\/wp-content\/uploads\/2025\/06\/Group-1000003399-300x288.jpg 300w, https:\/\/www.adelec-inter.com\/wp-content\/uploads\/2025\/06\/Group-1000003399-768x737.jpg 768w, https:\/\/www.adelec-inter.com\/wp-content\/uploads\/2025\/06\/Group-1000003399.jpg 1508w\" sizes=\"(max-width: 900px) 100vw, 900px\" \/>\t\t\t\t\t\t\t\t<\/a>\n\t\t\t\t\t\t\t\t\t\t\t\t\t\t\t<\/div>\n\t\t\t\t<\/div>\n\t\t\t\t<div class=\"elementor-element elementor-element-346f656 card-title elementor-widget elementor-widget-heading\" data-id=\"346f656\" data-element_type=\"widget\" data-e-type=\"widget\" data-widget_type=\"heading.default\">\n\t\t\t\t<div class=\"elementor-widget-container\">\n\t\t\t\t\t<h6 class=\"elementor-heading-title elementor-size-default\"><a href=\"\/en\/petite-pince-de-formage-et-de-coupe-ic\/\">Petite pince de formage et de coupe IC<\/a><\/h6>\t\t\t\t<\/div>\n\t\t\t\t<\/div>\n\t\t\t\t<div class=\"elementor-element elementor-element-d4b1896 desc elementor-widget elementor-widget-text-editor\" data-id=\"d4b1896\" data-element_type=\"widget\" data-e-type=\"widget\" data-widget_type=\"text-editor.default\">\n\t\t\t\t<div class=\"elementor-widget-container\">\n\t\t\t\t\t\t\t\t\t<p>La petite pince de formage et de coupe IC est un outil compact con\u00e7u pour plier, ajuster et couper avec pr\u00e9cision les broches des circuits int\u00e9gr\u00e9s (IC).<\/p>\t\t\t\t\t\t\t\t<\/div>\n\t\t\t\t<\/div>\n\t\t\t\t<div class=\"elementor-element elementor-element-1ad28ff elementor-view-stacked elementor-shape-square elementor-widget elementor-widget-icon\" data-id=\"1ad28ff\" data-element_type=\"widget\" data-e-type=\"widget\" data-widget_type=\"icon.default\">\n\t\t\t\t<div class=\"elementor-widget-container\">\n\t\t\t\t\t\t\t<div class=\"elementor-icon-wrapper\">\n\t\t\t<a class=\"elementor-icon elementor-animation-buzz-out\" href=\"\/en\/petite-pince-de-formage-et-de-coupe-ic\/\">\n\t\t\t<i aria-hidden=\"true\" class=\"rebuilto-icon- rebuilto-icon-arrow-up-right\"><\/i>\t\t\t<\/a>\n\t\t<\/div>\n\t\t\t\t\t\t<\/div>\n\t\t\t\t<\/div>\n\t\t\t\t<\/div>\n\t\t\t\t\t<\/div>\n\t\t\t\t<\/div>\n\t\t<div class=\"elementor-element elementor-element-4bc060c e-grid e-con-boxed e-con e-parent\" data-id=\"4bc060c\" data-element_type=\"container\" data-e-type=\"container\">\n\t\t\t\t\t<div class=\"e-con-inner\">\n\t\t<div class=\"elementor-element elementor-element-9791c22 e-con-full e-flex e-con e-child\" data-id=\"9791c22\" data-element_type=\"container\" data-e-type=\"container\" data-settings=\"{&quot;background_background&quot;:&quot;classic&quot;}\">\n\t\t\t\t<div class=\"elementor-element elementor-element-0692b5b elementor-widget elementor-widget-image\" data-id=\"0692b5b\" data-element_type=\"widget\" data-e-type=\"widget\" data-widget_type=\"image.default\">\n\t\t\t\t<div class=\"elementor-widget-container\">\n\t\t\t\t\t\t\t\t\t\t\t\t\t\t\t\t<a href=\"\/en\/pince-a-couper-et-a-presser\/\">\n\t\t\t\t\t\t\t<img loading=\"lazy\" decoding=\"async\" width=\"900\" height=\"864\" src=\"https:\/\/www.adelec-inter.com\/wp-content\/uploads\/2025\/06\/Group-1000003401-1-1024x983.jpg\" class=\"attachment-large size-large wp-image-18007\" alt=\"\" srcset=\"https:\/\/www.adelec-inter.com\/wp-content\/uploads\/2025\/06\/Group-1000003401-1-1024x983.jpg 1024w, https:\/\/www.adelec-inter.com\/wp-content\/uploads\/2025\/06\/Group-1000003401-1-300x288.jpg 300w, https:\/\/www.adelec-inter.com\/wp-content\/uploads\/2025\/06\/Group-1000003401-1-768x737.jpg 768w, https:\/\/www.adelec-inter.com\/wp-content\/uploads\/2025\/06\/Group-1000003401-1-1536x1474.jpg 1536w, https:\/\/www.adelec-inter.com\/wp-content\/uploads\/2025\/06\/Group-1000003401-1.jpg 1588w\" sizes=\"(max-width: 900px) 100vw, 900px\" \/>\t\t\t\t\t\t\t\t<\/a>\n\t\t\t\t\t\t\t\t\t\t\t\t\t\t\t<\/div>\n\t\t\t\t<\/div>\n\t\t\t\t<div class=\"elementor-element elementor-element-e03a56e card-title elementor-widget elementor-widget-heading\" data-id=\"e03a56e\" data-element_type=\"widget\" data-e-type=\"widget\" data-widget_type=\"heading.default\">\n\t\t\t\t<div class=\"elementor-widget-container\">\n\t\t\t\t\t<h6 class=\"elementor-heading-title elementor-size-default\"><a href=\"\/en\/pince-a-couper-et-a-presser\/\">Pince \u00e0 couper et \u00e0 presser<\/a><\/h6>\t\t\t\t<\/div>\n\t\t\t\t<\/div>\n\t\t\t\t<div class=\"elementor-element elementor-element-b744c4a desc elementor-widget elementor-widget-text-editor\" data-id=\"b744c4a\" data-element_type=\"widget\" data-e-type=\"widget\" data-widget_type=\"text-editor.default\">\n\t\t\t\t<div class=\"elementor-widget-container\">\n\t\t\t\t\t\t\t\t\t<div class=\"jshop_prod_description\"><p>La pince \u00e0 couper et \u00e0 presser est un outil polyvalent qui combine deux fonctions essentielles : la coupe pr\u00e9cise de fils ou c\u00e2bles, et le pressage ou sertissage de connecteurs, cosses ou autres composants \u00e9lectriques.<\/p><\/div>\t\t\t\t\t\t\t\t<\/div>\n\t\t\t\t<\/div>\n\t\t\t\t<div class=\"elementor-element elementor-element-227e28e elementor-view-stacked elementor-shape-square elementor-widget elementor-widget-icon\" data-id=\"227e28e\" data-element_type=\"widget\" data-e-type=\"widget\" data-widget_type=\"icon.default\">\n\t\t\t\t<div class=\"elementor-widget-container\">\n\t\t\t\t\t\t\t<div class=\"elementor-icon-wrapper\">\n\t\t\t<a class=\"elementor-icon elementor-animation-buzz-out\" href=\"\/en\/pince-a-epiler-pour-la-manipulation-des-plaquettes\/\">\n\t\t\t<i aria-hidden=\"true\" class=\"rebuilto-icon- rebuilto-icon-arrow-up-right\"><\/i>\t\t\t<\/a>\n\t\t<\/div>\n\t\t\t\t\t\t<\/div>\n\t\t\t\t<\/div>\n\t\t\t\t<\/div>\n\t\t<div class=\"elementor-element elementor-element-279b916 e-con-full e-flex e-con e-child\" data-id=\"279b916\" data-element_type=\"container\" data-e-type=\"container\" data-settings=\"{&quot;background_background&quot;:&quot;classic&quot;}\">\n\t\t\t\t<div class=\"elementor-element elementor-element-66b732c elementor-widget elementor-widget-image\" data-id=\"66b732c\" data-element_type=\"widget\" data-e-type=\"widget\" data-widget_type=\"image.default\">\n\t\t\t\t<div class=\"elementor-widget-container\">\n\t\t\t\t\t\t\t\t\t\t\t\t\t\t\t\t<a href=\"\/en\/pince-a-tronconner-et-plier\/\">\n\t\t\t\t\t\t\t<img loading=\"lazy\" decoding=\"async\" width=\"900\" height=\"864\" src=\"https:\/\/www.adelec-inter.com\/wp-content\/uploads\/2025\/06\/Group-1000003421-1024x983.jpg\" class=\"attachment-large size-large wp-image-18008\" alt=\"\" srcset=\"https:\/\/www.adelec-inter.com\/wp-content\/uploads\/2025\/06\/Group-1000003421-1024x983.jpg 1024w, https:\/\/www.adelec-inter.com\/wp-content\/uploads\/2025\/06\/Group-1000003421-300x288.jpg 300w, https:\/\/www.adelec-inter.com\/wp-content\/uploads\/2025\/06\/Group-1000003421-768x737.jpg 768w, https:\/\/www.adelec-inter.com\/wp-content\/uploads\/2025\/06\/Group-1000003421.jpg 1508w\" sizes=\"(max-width: 900px) 100vw, 900px\" \/>\t\t\t\t\t\t\t\t<\/a>\n\t\t\t\t\t\t\t\t\t\t\t\t\t\t\t<\/div>\n\t\t\t\t<\/div>\n\t\t\t\t<div class=\"elementor-element elementor-element-7fe2907 card-title elementor-widget elementor-widget-heading\" data-id=\"7fe2907\" data-element_type=\"widget\" data-e-type=\"widget\" data-widget_type=\"heading.default\">\n\t\t\t\t<div class=\"elementor-widget-container\">\n\t\t\t\t\t<h6 class=\"elementor-heading-title elementor-size-default\"><a href=\"\/en\/pince-a-tronconner-et-plier\/\">Pince \u00e0 tron\u00e7onner et plier<\/a><\/h6>\t\t\t\t<\/div>\n\t\t\t\t<\/div>\n\t\t\t\t<div class=\"elementor-element elementor-element-e6b656b desc elementor-widget elementor-widget-text-editor\" data-id=\"e6b656b\" data-element_type=\"widget\" data-e-type=\"widget\" data-widget_type=\"text-editor.default\">\n\t\t\t\t<div class=\"elementor-widget-container\">\n\t\t\t\t\t\t\t\t\t<p>La pince \u00e0 tron\u00e7onner et plier est un outil multifonction con\u00e7u pour couper (tron\u00e7onner) des fils ou mat\u00e9riaux fins et pour plier ou fa\u00e7onner des pi\u00e8ces m\u00e9talliques avec pr\u00e9cision.<\/p>\t\t\t\t\t\t\t\t<\/div>\n\t\t\t\t<\/div>\n\t\t\t\t<div class=\"elementor-element elementor-element-76f978c elementor-view-stacked elementor-shape-square elementor-widget elementor-widget-icon\" data-id=\"76f978c\" data-element_type=\"widget\" data-e-type=\"widget\" data-widget_type=\"icon.default\">\n\t\t\t\t<div class=\"elementor-widget-container\">\n\t\t\t\t\t\t\t<div class=\"elementor-icon-wrapper\">\n\t\t\t<a class=\"elementor-icon elementor-animation-buzz-out\" href=\"\/en\/pince-a-tronconner-et-plier\/\">\n\t\t\t<i aria-hidden=\"true\" class=\"rebuilto-icon- rebuilto-icon-arrow-up-right\"><\/i>\t\t\t<\/a>\n\t\t<\/div>\n\t\t\t\t\t\t<\/div>\n\t\t\t\t<\/div>\n\t\t\t\t<\/div>\n\t\t\t\t\t<\/div>\n\t\t\t\t<\/div>\n\t\t\t\t<\/div>","protected":false},"excerpt":{"rendered":"<p>Pince \u00e0 former en forme de \u00abC\u00bb La pince \u00e0 former en forme de \u00ab C \u00bb est un outil sp\u00e9cialis\u00e9 con\u00e7u pour plier, fa\u00e7onner ou cintrer des fils, tiges ou composants m\u00e9talliques en arcs ou courbes pr\u00e9cises en forme de \u00ab C \u00bb. Pince de formage en forme de \u00ab U \u00bb La pince [&hellip;]<\/p>\n","protected":false},"author":2,"featured_media":0,"parent":0,"menu_order":0,"comment_status":"closed","ping_status":"closed","template":"","meta":{"_acf_changed":false,"footnotes":""},"class_list":["post-17995","page","type-page","status-publish","hentry"],"acf":[],"_links":{"self":[{"href":"https:\/\/www.adelec-inter.com\/en\/wp-json\/wp\/v2\/pages\/17995","targetHints":{"allow":["GET"]}}],"collection":[{"href":"https:\/\/www.adelec-inter.com\/en\/wp-json\/wp\/v2\/pages"}],"about":[{"href":"https:\/\/www.adelec-inter.com\/en\/wp-json\/wp\/v2\/types\/page"}],"author":[{"embeddable":true,"href":"https:\/\/www.adelec-inter.com\/en\/wp-json\/wp\/v2\/users\/2"}],"replies":[{"embeddable":true,"href":"https:\/\/www.adelec-inter.com\/en\/wp-json\/wp\/v2\/comments?post=17995"}],"version-history":[{"count":7,"href":"https:\/\/www.adelec-inter.com\/en\/wp-json\/wp\/v2\/pages\/17995\/revisions"}],"predecessor-version":[{"id":18014,"href":"https:\/\/www.adelec-inter.com\/en\/wp-json\/wp\/v2\/pages\/17995\/revisions\/18014"}],"wp:attachment":[{"href":"https:\/\/www.adelec-inter.com\/en\/wp-json\/wp\/v2\/media?parent=17995"}],"curies":[{"name":"wp","href":"https:\/\/api.w.org\/{rel}","templated":true}]}}