{"id":20567,"date":"2025-10-03T12:22:25","date_gmt":"2025-10-03T10:22:25","guid":{"rendered":"https:\/\/www.adelec-inter.com\/?page_id=20567"},"modified":"2025-10-06T09:33:27","modified_gmt":"2025-10-06T07:33:27","slug":"instruments-pour-lindustrie-solaire","status":"publish","type":"page","link":"https:\/\/www.adelec-inter.com\/en\/instruments-pour-lindustrie-solaire\/","title":{"rendered":"Instruments pour l\u2019industrie solaire"},"content":{"rendered":"<div data-elementor-type=\"wp-page\" data-elementor-id=\"20567\" class=\"elementor elementor-20567\" data-elementor-post-type=\"page\">\n\t\t\t\t<div class=\"elementor-element elementor-element-74c0573 e-grid e-con-boxed e-con e-parent\" data-id=\"74c0573\" data-element_type=\"container\" data-e-type=\"container\">\n\t\t\t\t\t<div class=\"e-con-inner\">\n\t\t<div class=\"elementor-element elementor-element-7476f88 e-con-full e-flex e-con e-child\" data-id=\"7476f88\" data-element_type=\"container\" data-e-type=\"container\" data-settings=\"{&quot;background_background&quot;:&quot;classic&quot;}\">\n\t\t\t\t<div class=\"elementor-element elementor-element-b8a23cd elementor-widget elementor-widget-image\" data-id=\"b8a23cd\" data-element_type=\"widget\" data-e-type=\"widget\" data-widget_type=\"image.default\">\n\t\t\t\t<div class=\"elementor-widget-container\">\n\t\t\t\t\t\t\t\t\t\t\t\t\t\t\t\t<a href=\"\/en\/analyseur-pv-traceur-de-courbe-i-v\/\">\n\t\t\t\t\t\t\t<img fetchpriority=\"high\" decoding=\"async\" width=\"900\" height=\"866\" src=\"https:\/\/www.adelec-inter.com\/wp-content\/uploads\/2025\/10\/Group-1000004032-1-1024x985.jpg\" class=\"attachment-large size-large wp-image-20576\" alt=\"\" srcset=\"https:\/\/www.adelec-inter.com\/wp-content\/uploads\/2025\/10\/Group-1000004032-1-1024x985.jpg 1024w, https:\/\/www.adelec-inter.com\/wp-content\/uploads\/2025\/10\/Group-1000004032-1-300x289.jpg 300w, https:\/\/www.adelec-inter.com\/wp-content\/uploads\/2025\/10\/Group-1000004032-1-768x739.jpg 768w, https:\/\/www.adelec-inter.com\/wp-content\/uploads\/2025\/10\/Group-1000004032-1-1536x1478.jpg 1536w, https:\/\/www.adelec-inter.com\/wp-content\/uploads\/2025\/10\/Group-1000004032-1.jpg 1588w\" sizes=\"(max-width: 900px) 100vw, 900px\" \/>\t\t\t\t\t\t\t\t<\/a>\n\t\t\t\t\t\t\t\t\t\t\t\t\t\t\t<\/div>\n\t\t\t\t<\/div>\n\t\t\t\t<div class=\"elementor-element elementor-element-3c8d4de card-title elementor-widget elementor-widget-heading\" data-id=\"3c8d4de\" data-element_type=\"widget\" data-e-type=\"widget\" data-widget_type=\"heading.default\">\n\t\t\t\t<div class=\"elementor-widget-container\">\n\t\t\t\t\t<h6 class=\"elementor-heading-title elementor-size-default\"><a href=\"\/en\/analyseur-pv-traceur-de-courbe-i-v\/\">Analyseur PV, traceur de courbe I-V<\/a><\/h6>\t\t\t\t<\/div>\n\t\t\t\t<\/div>\n\t\t\t\t<div class=\"elementor-element elementor-element-336b136 desc elementor-widget elementor-widget-text-editor\" data-id=\"336b136\" data-element_type=\"widget\" data-e-type=\"widget\" data-widget_type=\"text-editor.default\">\n\t\t\t\t<div class=\"elementor-widget-container\">\n\t\t\t\t\t\t\t\t\t<p>Le kit traceur de courbe I-V PVA-1500 de pointe est con\u00e7u pour mesurer les performances des syst\u00e8mes photovolta\u00efques. Gr\u00e2ce \u00e0 cet \u00e9quipement de test haute pr\u00e9cision&#8230;<\/p>\t\t\t\t\t\t\t\t<\/div>\n\t\t\t\t<\/div>\n\t\t\t\t<div class=\"elementor-element elementor-element-67d0a8d elementor-view-stacked elementor-shape-square elementor-widget elementor-widget-icon\" data-id=\"67d0a8d\" data-element_type=\"widget\" data-e-type=\"widget\" data-widget_type=\"icon.default\">\n\t\t\t\t<div class=\"elementor-widget-container\">\n\t\t\t\t\t\t\t<div class=\"elementor-icon-wrapper\">\n\t\t\t<a class=\"elementor-icon elementor-animation-rotate\" href=\"\/en\/analyseur-pv-traceur-de-courbe-i-v\/\">\n\t\t\t<i aria-hidden=\"true\" class=\"rebuilto-icon- rebuilto-icon-arrow-up-right\"><\/i>\t\t\t<\/a>\n\t\t<\/div>\n\t\t\t\t\t\t<\/div>\n\t\t\t\t<\/div>\n\t\t\t\t<\/div>\n\t\t<div class=\"elementor-element elementor-element-487605b e-con-full e-flex e-con e-child\" data-id=\"487605b\" data-element_type=\"container\" data-e-type=\"container\" data-settings=\"{&quot;background_background&quot;:&quot;classic&quot;}\">\n\t\t\t\t<div class=\"elementor-element elementor-element-1e33520 elementor-widget elementor-widget-image\" data-id=\"1e33520\" data-element_type=\"widget\" data-e-type=\"widget\" data-widget_type=\"image.default\">\n\t\t\t\t<div class=\"elementor-widget-container\">\n\t\t\t\t\t\t\t\t\t\t\t\t\t\t\t\t<a href=\"\/en\/pince-multimetre-trms-393-fc-2\/\">\n\t\t\t\t\t\t\t<img decoding=\"async\" width=\"900\" height=\"866\" src=\"https:\/\/www.adelec-inter.com\/wp-content\/uploads\/2025\/10\/Group-1000004035-1-1024x985.jpg\" class=\"attachment-large size-large wp-image-20573\" alt=\"\" srcset=\"https:\/\/www.adelec-inter.com\/wp-content\/uploads\/2025\/10\/Group-1000004035-1-1024x985.jpg 1024w, https:\/\/www.adelec-inter.com\/wp-content\/uploads\/2025\/10\/Group-1000004035-1-300x289.jpg 300w, https:\/\/www.adelec-inter.com\/wp-content\/uploads\/2025\/10\/Group-1000004035-1-768x739.jpg 768w, https:\/\/www.adelec-inter.com\/wp-content\/uploads\/2025\/10\/Group-1000004035-1-1536x1478.jpg 1536w, https:\/\/www.adelec-inter.com\/wp-content\/uploads\/2025\/10\/Group-1000004035-1.jpg 1588w\" sizes=\"(max-width: 900px) 100vw, 900px\" \/>\t\t\t\t\t\t\t\t<\/a>\n\t\t\t\t\t\t\t\t\t\t\t\t\t\t\t<\/div>\n\t\t\t\t<\/div>\n\t\t\t\t<div class=\"elementor-element elementor-element-7fffd65 card-title elementor-widget elementor-widget-heading\" data-id=\"7fffd65\" data-element_type=\"widget\" data-e-type=\"widget\" data-widget_type=\"heading.default\">\n\t\t\t\t<div class=\"elementor-widget-container\">\n\t\t\t\t\t<h6 class=\"elementor-heading-title elementor-size-default\"><a href=\"\/en\/pince-multimetre-trms-393-fc-2\/\">Pince multim\u00e8tre TRMS 393 FC<\/a><\/h6>\t\t\t\t<\/div>\n\t\t\t\t<\/div>\n\t\t\t\t<div class=\"elementor-element elementor-element-76c81e2 desc elementor-widget elementor-widget-text-editor\" data-id=\"76c81e2\" data-element_type=\"widget\" data-e-type=\"widget\" data-widget_type=\"text-editor.default\">\n\t\t\t\t<div class=\"elementor-widget-container\">\n\t\t\t\t\t\t\t\t\t<p>La pince multim\u00e8tre solaire Fluke TRMS 393 FC CAT III 1 500 V avec iFlex est con\u00e7ue pour les techniciens d\u00b4installations photovolta\u00efques solaires (PV) et les professionnels de la maintenance&#8230;<\/p>\t\t\t\t\t\t\t\t<\/div>\n\t\t\t\t<\/div>\n\t\t\t\t<div class=\"elementor-element elementor-element-d48e31b elementor-view-stacked elementor-shape-square elementor-widget elementor-widget-icon\" data-id=\"d48e31b\" data-element_type=\"widget\" data-e-type=\"widget\" data-widget_type=\"icon.default\">\n\t\t\t\t<div class=\"elementor-widget-container\">\n\t\t\t\t\t\t\t<div class=\"elementor-icon-wrapper\">\n\t\t\t<a class=\"elementor-icon elementor-animation-rotate\" href=\"\/en\/pince-multimetre-trms-393-fc-2\/\">\n\t\t\t<i aria-hidden=\"true\" class=\"rebuilto-icon- rebuilto-icon-arrow-up-right\"><\/i>\t\t\t<\/a>\n\t\t<\/div>\n\t\t\t\t\t\t<\/div>\n\t\t\t\t<\/div>\n\t\t\t\t<\/div>\n\t\t<div class=\"elementor-element elementor-element-025c96b e-con-full e-flex e-con e-child\" data-id=\"025c96b\" data-element_type=\"container\" data-e-type=\"container\" data-settings=\"{&quot;background_background&quot;:&quot;classic&quot;}\">\n\t\t\t\t<div class=\"elementor-element elementor-element-6497c62 elementor-widget elementor-widget-image\" data-id=\"6497c62\" data-element_type=\"widget\" data-e-type=\"widget\" data-widget_type=\"image.default\">\n\t\t\t\t<div class=\"elementor-widget-container\">\n\t\t\t\t\t\t\t\t\t\t\t\t\t\t\t\t<a href=\"\/en\/appareil-mesure-dirradiation-solaire\/\">\n\t\t\t\t\t\t\t<img decoding=\"async\" width=\"900\" height=\"866\" src=\"https:\/\/www.adelec-inter.com\/wp-content\/uploads\/2025\/10\/Group-1000004036-1-1024x985.jpg\" class=\"attachment-large size-large wp-image-20574\" alt=\"\" srcset=\"https:\/\/www.adelec-inter.com\/wp-content\/uploads\/2025\/10\/Group-1000004036-1-1024x985.jpg 1024w, https:\/\/www.adelec-inter.com\/wp-content\/uploads\/2025\/10\/Group-1000004036-1-300x289.jpg 300w, https:\/\/www.adelec-inter.com\/wp-content\/uploads\/2025\/10\/Group-1000004036-1-768x739.jpg 768w, https:\/\/www.adelec-inter.com\/wp-content\/uploads\/2025\/10\/Group-1000004036-1-1536x1478.jpg 1536w, https:\/\/www.adelec-inter.com\/wp-content\/uploads\/2025\/10\/Group-1000004036-1.jpg 1588w\" sizes=\"(max-width: 900px) 100vw, 900px\" \/>\t\t\t\t\t\t\t\t<\/a>\n\t\t\t\t\t\t\t\t\t\t\t\t\t\t\t<\/div>\n\t\t\t\t<\/div>\n\t\t\t\t<div class=\"elementor-element elementor-element-d2db2b6 card-title elementor-widget elementor-widget-heading\" data-id=\"d2db2b6\" data-element_type=\"widget\" data-e-type=\"widget\" data-widget_type=\"heading.default\">\n\t\t\t\t<div class=\"elementor-widget-container\">\n\t\t\t\t\t<h6 class=\"elementor-heading-title elementor-size-default\"><a href=\"\/en\/appareil-mesure-dirradiation-solaire\/\">Appareil  mesure d\u00b4irradiation solaire<\/a><\/h6>\t\t\t\t<\/div>\n\t\t\t\t<\/div>\n\t\t\t\t<div class=\"elementor-element elementor-element-c72230e desc elementor-widget elementor-widget-text-editor\" data-id=\"c72230e\" data-element_type=\"widget\" data-e-type=\"widget\" data-widget_type=\"text-editor.default\">\n\t\t\t\t<div class=\"elementor-widget-container\">\n\t\t\t\t\t\t\t\t\t<p>Un outil d\u00b4inspection de site solaire tout-en-un\u00a0 De l\u00b4inspection \u00e0 l\u00b4installation de panneaux solaires, en passant par l\u00b4ex\u00e9cution de la maintenance et des performances des syst\u00e8mes&#8230;<\/p>\t\t\t\t\t\t\t\t<\/div>\n\t\t\t\t<\/div>\n\t\t\t\t<div class=\"elementor-element elementor-element-51d9488 elementor-view-stacked elementor-shape-square elementor-widget elementor-widget-icon\" data-id=\"51d9488\" data-element_type=\"widget\" data-e-type=\"widget\" data-widget_type=\"icon.default\">\n\t\t\t\t<div class=\"elementor-widget-container\">\n\t\t\t\t\t\t\t<div class=\"elementor-icon-wrapper\">\n\t\t\t<a class=\"elementor-icon elementor-animation-rotate\" href=\"\/en\/appareil-mesure-dirradiation-solaire\/\">\n\t\t\t<i aria-hidden=\"true\" class=\"rebuilto-icon- rebuilto-icon-arrow-up-right\"><\/i>\t\t\t<\/a>\n\t\t<\/div>\n\t\t\t\t\t\t<\/div>\n\t\t\t\t<\/div>\n\t\t\t\t<\/div>\n\t\t\t\t\t<\/div>\n\t\t\t\t<\/div>\n\t\t\t\t<\/div>","protected":false},"excerpt":{"rendered":"<p>Analyseur PV, traceur de courbe I-V Le kit traceur de courbe I-V PVA-1500 de pointe est con\u00e7u pour mesurer les performances des syst\u00e8mes photovolta\u00efques. Gr\u00e2ce \u00e0 cet \u00e9quipement de test haute pr\u00e9cision&#8230; Pince multim\u00e8tre TRMS 393 FC La pince multim\u00e8tre solaire Fluke TRMS 393 FC CAT III 1 500 V avec iFlex est con\u00e7ue pour [&hellip;]<\/p>\n","protected":false},"author":5,"featured_media":0,"parent":0,"menu_order":0,"comment_status":"closed","ping_status":"closed","template":"","meta":{"_acf_changed":false,"footnotes":""},"class_list":["post-20567","page","type-page","status-publish","hentry"],"acf":[],"_links":{"self":[{"href":"https:\/\/www.adelec-inter.com\/en\/wp-json\/wp\/v2\/pages\/20567","targetHints":{"allow":["GET"]}}],"collection":[{"href":"https:\/\/www.adelec-inter.com\/en\/wp-json\/wp\/v2\/pages"}],"about":[{"href":"https:\/\/www.adelec-inter.com\/en\/wp-json\/wp\/v2\/types\/page"}],"author":[{"embeddable":true,"href":"https:\/\/www.adelec-inter.com\/en\/wp-json\/wp\/v2\/users\/5"}],"replies":[{"embeddable":true,"href":"https:\/\/www.adelec-inter.com\/en\/wp-json\/wp\/v2\/comments?post=20567"}],"version-history":[{"count":13,"href":"https:\/\/www.adelec-inter.com\/en\/wp-json\/wp\/v2\/pages\/20567\/revisions"}],"predecessor-version":[{"id":20609,"href":"https:\/\/www.adelec-inter.com\/en\/wp-json\/wp\/v2\/pages\/20567\/revisions\/20609"}],"wp:attachment":[{"href":"https:\/\/www.adelec-inter.com\/en\/wp-json\/wp\/v2\/media?parent=20567"}],"curies":[{"name":"wp","href":"https:\/\/api.w.org\/{rel}","templated":true}]}}