{"id":20614,"date":"2025-10-06T09:40:10","date_gmt":"2025-10-06T07:40:10","guid":{"rendered":"https:\/\/www.adelec-inter.com\/?page_id=20614"},"modified":"2025-10-06T09:53:27","modified_gmt":"2025-10-06T07:53:27","slug":"emobility","status":"publish","type":"page","link":"https:\/\/www.adelec-inter.com\/en\/emobility\/","title":{"rendered":"eMobility"},"content":{"rendered":"<div data-elementor-type=\"wp-page\" data-elementor-id=\"20614\" class=\"elementor elementor-20614\" data-elementor-post-type=\"page\">\n\t\t\t\t<div class=\"elementor-element elementor-element-74c0573 e-grid e-con-boxed e-con e-parent\" data-id=\"74c0573\" data-element_type=\"container\" data-e-type=\"container\">\n\t\t\t\t\t<div class=\"e-con-inner\">\n\t\t<div class=\"elementor-element elementor-element-025c96b e-con-full e-flex e-con e-child\" data-id=\"025c96b\" data-element_type=\"container\" data-e-type=\"container\" data-settings=\"{&quot;background_background&quot;:&quot;classic&quot;}\">\n\t\t\t\t<div class=\"elementor-element elementor-element-6497c62 elementor-widget elementor-widget-image\" data-id=\"6497c62\" data-element_type=\"widget\" data-e-type=\"widget\" data-widget_type=\"image.default\">\n\t\t\t\t<div class=\"elementor-widget-container\">\n\t\t\t\t\t\t\t\t\t\t\t\t\t\t\t\t<a href=\"\/en\/analyseur-pv-traceur-de-courbe-i-v-serie-pva-1500\/\">\n\t\t\t\t\t\t\t<img fetchpriority=\"high\" decoding=\"async\" width=\"900\" height=\"866\" src=\"https:\/\/www.adelec-inter.com\/wp-content\/uploads\/2025\/10\/Group-1000004038-1024x985.jpg\" class=\"attachment-large size-large wp-image-20626\" alt=\"\" srcset=\"https:\/\/www.adelec-inter.com\/wp-content\/uploads\/2025\/10\/Group-1000004038-1024x985.jpg 1024w, https:\/\/www.adelec-inter.com\/wp-content\/uploads\/2025\/10\/Group-1000004038-300x289.jpg 300w, https:\/\/www.adelec-inter.com\/wp-content\/uploads\/2025\/10\/Group-1000004038-768x739.jpg 768w, https:\/\/www.adelec-inter.com\/wp-content\/uploads\/2025\/10\/Group-1000004038-1536x1478.jpg 1536w, https:\/\/www.adelec-inter.com\/wp-content\/uploads\/2025\/10\/Group-1000004038.jpg 1588w\" sizes=\"(max-width: 900px) 100vw, 900px\" \/>\t\t\t\t\t\t\t\t<\/a>\n\t\t\t\t\t\t\t\t\t\t\t\t\t\t\t<\/div>\n\t\t\t\t<\/div>\n\t\t\t\t<div class=\"elementor-element elementor-element-d2db2b6 card-title elementor-widget elementor-widget-heading\" data-id=\"d2db2b6\" data-element_type=\"widget\" data-e-type=\"widget\" data-widget_type=\"heading.default\">\n\t\t\t\t<div class=\"elementor-widget-container\">\n\t\t\t\t\t<h6 class=\"elementor-heading-title elementor-size-default\"><a href=\"\/en\/analyseur-pv-traceur-de-courbe-i-v-serie-pva-1500\/\">Analyseur PV, traceur de courbe I-V s\u00e9rie PVA-1500<\/a><\/h6>\t\t\t\t<\/div>\n\t\t\t\t<\/div>\n\t\t\t\t<div class=\"elementor-element elementor-element-c72230e desc elementor-widget elementor-widget-text-editor\" data-id=\"c72230e\" data-element_type=\"widget\" data-e-type=\"widget\" data-widget_type=\"text-editor.default\">\n\t\t\t\t<div class=\"elementor-widget-container\">\n\t\t\t\t\t\t\t\t\t<p>Le kit traceur de courbe I-V PVA-1500 de pointe est con\u00e7u pour mesurer les performances des syst\u00e8mes photovolta\u00efques. Gr\u00e2ce \u00e0 cet \u00e9quipement de test haute pr\u00e9cision&#8230;<\/p>\t\t\t\t\t\t\t\t<\/div>\n\t\t\t\t<\/div>\n\t\t\t\t<div class=\"elementor-element elementor-element-51d9488 elementor-view-stacked elementor-shape-square elementor-widget elementor-widget-icon\" data-id=\"51d9488\" data-element_type=\"widget\" data-e-type=\"widget\" data-widget_type=\"icon.default\">\n\t\t\t\t<div class=\"elementor-widget-container\">\n\t\t\t\t\t\t\t<div class=\"elementor-icon-wrapper\">\n\t\t\t<a class=\"elementor-icon elementor-animation-rotate\" href=\"\/en\/analyseur-pv-traceur-de-courbe-i-v-serie-pva-1500\/\">\n\t\t\t<i aria-hidden=\"true\" class=\"rebuilto-icon- rebuilto-icon-arrow-up-right\"><\/i>\t\t\t<\/a>\n\t\t<\/div>\n\t\t\t\t\t\t<\/div>\n\t\t\t\t<\/div>\n\t\t\t\t<\/div>\n\t\t<div class=\"elementor-element elementor-element-487605b e-con-full e-flex e-con e-child\" data-id=\"487605b\" data-element_type=\"container\" data-e-type=\"container\" data-settings=\"{&quot;background_background&quot;:&quot;classic&quot;}\">\n\t\t\t\t<div class=\"elementor-element elementor-element-1e33520 elementor-widget elementor-widget-image\" data-id=\"1e33520\" data-element_type=\"widget\" data-e-type=\"widget\" data-widget_type=\"image.default\">\n\t\t\t\t<div class=\"elementor-widget-container\">\n\t\t\t\t\t\t\t\t\t\t\t\t\t\t\t\t<a href=\"\/en\/kit-doutils-solaires-smft-1000\/\">\n\t\t\t\t\t\t\t<img decoding=\"async\" width=\"900\" height=\"866\" src=\"https:\/\/www.adelec-inter.com\/wp-content\/uploads\/2025\/10\/Group-1000004041-1024x985.jpg\" class=\"attachment-large size-large wp-image-20624\" alt=\"\" srcset=\"https:\/\/www.adelec-inter.com\/wp-content\/uploads\/2025\/10\/Group-1000004041-1024x985.jpg 1024w, https:\/\/www.adelec-inter.com\/wp-content\/uploads\/2025\/10\/Group-1000004041-300x289.jpg 300w, https:\/\/www.adelec-inter.com\/wp-content\/uploads\/2025\/10\/Group-1000004041-768x739.jpg 768w, https:\/\/www.adelec-inter.com\/wp-content\/uploads\/2025\/10\/Group-1000004041-1536x1478.jpg 1536w, https:\/\/www.adelec-inter.com\/wp-content\/uploads\/2025\/10\/Group-1000004041.jpg 1588w\" sizes=\"(max-width: 900px) 100vw, 900px\" \/>\t\t\t\t\t\t\t\t<\/a>\n\t\t\t\t\t\t\t\t\t\t\t\t\t\t\t<\/div>\n\t\t\t\t<\/div>\n\t\t\t\t<div class=\"elementor-element elementor-element-7fffd65 card-title elementor-widget elementor-widget-heading\" data-id=\"7fffd65\" data-element_type=\"widget\" data-e-type=\"widget\" data-widget_type=\"heading.default\">\n\t\t\t\t<div class=\"elementor-widget-container\">\n\t\t\t\t\t<h6 class=\"elementor-heading-title elementor-size-default\"><a href=\"\/en\/kit-doutils-solaires-smft-1000\/\">Kit d\u2019outils solaires SMFT-1000<\/a><\/h6>\t\t\t\t<\/div>\n\t\t\t\t<\/div>\n\t\t\t\t<div class=\"elementor-element elementor-element-76c81e2 desc elementor-widget elementor-widget-text-editor\" data-id=\"76c81e2\" data-element_type=\"widget\" data-e-type=\"widget\" data-widget_type=\"text-editor.default\">\n\t\t\t\t<div class=\"elementor-widget-container\">\n\t\t\t\t\t\t\t\t\t<p>V\u00e9rifiez que les syst\u00e8mes PV fonctionnent \u00e0 leur puissance de sortie optimale et en toute s\u00e9curit\u00e9 avec le testeur multifonction Fluke SMFT-1000 \u00e0 trac\u00e9 de courbe I-V&#8230;<\/p>\t\t\t\t\t\t\t\t<\/div>\n\t\t\t\t<\/div>\n\t\t\t\t<div class=\"elementor-element elementor-element-d48e31b elementor-view-stacked elementor-shape-square elementor-widget elementor-widget-icon\" data-id=\"d48e31b\" data-element_type=\"widget\" data-e-type=\"widget\" data-widget_type=\"icon.default\">\n\t\t\t\t<div class=\"elementor-widget-container\">\n\t\t\t\t\t\t\t<div class=\"elementor-icon-wrapper\">\n\t\t\t<a class=\"elementor-icon elementor-animation-rotate\" href=\"\/en\/kit-doutils-solaires-smft-1000\/\">\n\t\t\t<i aria-hidden=\"true\" class=\"rebuilto-icon- rebuilto-icon-arrow-up-right\"><\/i>\t\t\t<\/a>\n\t\t<\/div>\n\t\t\t\t\t\t<\/div>\n\t\t\t\t<\/div>\n\t\t\t\t<\/div>\n\t\t\t\t\t<\/div>\n\t\t\t\t<\/div>\n\t\t\t\t<\/div>","protected":false},"excerpt":{"rendered":"<p>Analyseur PV, traceur de courbe I-V s\u00e9rie PVA-1500 Le kit traceur de courbe I-V PVA-1500 de pointe est con\u00e7u pour mesurer les performances des syst\u00e8mes photovolta\u00efques. Gr\u00e2ce \u00e0 cet \u00e9quipement de test haute pr\u00e9cision&#8230; Kit d\u2019outils solaires SMFT-1000 V\u00e9rifiez que les syst\u00e8mes PV fonctionnent \u00e0 leur puissance de sortie optimale et en toute s\u00e9curit\u00e9 avec [&hellip;]<\/p>\n","protected":false},"author":5,"featured_media":0,"parent":0,"menu_order":0,"comment_status":"closed","ping_status":"closed","template":"","meta":{"_acf_changed":false,"footnotes":""},"class_list":["post-20614","page","type-page","status-publish","hentry"],"acf":[],"_links":{"self":[{"href":"https:\/\/www.adelec-inter.com\/en\/wp-json\/wp\/v2\/pages\/20614","targetHints":{"allow":["GET"]}}],"collection":[{"href":"https:\/\/www.adelec-inter.com\/en\/wp-json\/wp\/v2\/pages"}],"about":[{"href":"https:\/\/www.adelec-inter.com\/en\/wp-json\/wp\/v2\/types\/page"}],"author":[{"embeddable":true,"href":"https:\/\/www.adelec-inter.com\/en\/wp-json\/wp\/v2\/users\/5"}],"replies":[{"embeddable":true,"href":"https:\/\/www.adelec-inter.com\/en\/wp-json\/wp\/v2\/comments?post=20614"}],"version-history":[{"count":10,"href":"https:\/\/www.adelec-inter.com\/en\/wp-json\/wp\/v2\/pages\/20614\/revisions"}],"predecessor-version":[{"id":20648,"href":"https:\/\/www.adelec-inter.com\/en\/wp-json\/wp\/v2\/pages\/20614\/revisions\/20648"}],"wp:attachment":[{"href":"https:\/\/www.adelec-inter.com\/en\/wp-json\/wp\/v2\/media?parent=20614"}],"curies":[{"name":"wp","href":"https:\/\/api.w.org\/{rel}","templated":true}]}}